{"id":703,"date":"2015-02-13T12:23:11","date_gmt":"2015-02-13T10:23:11","guid":{"rendered":"http:\/\/www.sininenreservi.fi\/sample-page-3\/"},"modified":"2024-04-07T16:03:00","modified_gmt":"2024-04-07T13:03:00","slug":"sample-page","status":"publish","type":"page","link":"https:\/\/www.sininenreservi.fi\/sv\/","title":{"rendered":"Startsida"},"content":{"rendered":"<p>[et_pb_section fb_built=&#8221;1&#8243; fullwidth=&#8221;on&#8221; admin_label=&#8221;section&#8221; _builder_version=&#8221;4.16&#8243; global_colors_info=&#8221;{}&#8221;][et_pb_fullwidth_slider show_pagination=&#8221;off&#8221; admin_label=&#8221;Main banner&#8221; _builder_version=&#8221;4.16&#8243; custom_padding=&#8221;|||&#8221; custom_padding_tablet=&#8221;|||&#8221; custom_padding_phone=&#8221;|||&#8221; auto=&#8221;on&#8221; auto_speed=&#8221;8000&#8243; box_shadow_style=&#8221;preset6&#8243; box_shadow_blur=&#8221;10px&#8221; box_shadow_color=&#8221;rgba(0,0,0,0.1)&#8221; remove_inner_shadow=&#8221;off&#8221; hide_content_on_mobile=&#8221;off&#8221; hide_cta_on_mobile=&#8221;off&#8221; show_inner_shadow=&#8221;on&#8221; button_letter_spacing_hover=&#8221;0&#8243; global_colors_info=&#8221;{}&#8221; button_text_size__hover_enabled=&#8221;off&#8221; button_one_text_size__hover_enabled=&#8221;off&#8221; button_two_text_size__hover_enabled=&#8221;off&#8221; button_text_color__hover_enabled=&#8221;off&#8221; button_one_text_color__hover_enabled=&#8221;off&#8221; button_two_text_color__hover_enabled=&#8221;off&#8221; button_border_width__hover_enabled=&#8221;off&#8221; button_one_border_width__hover_enabled=&#8221;off&#8221; button_two_border_width__hover_enabled=&#8221;off&#8221; button_border_color__hover_enabled=&#8221;off&#8221; button_one_border_color__hover_enabled=&#8221;off&#8221; button_two_border_color__hover_enabled=&#8221;off&#8221; button_border_radius__hover_enabled=&#8221;off&#8221; button_one_border_radius__hover_enabled=&#8221;off&#8221; button_two_border_radius__hover_enabled=&#8221;off&#8221; button_letter_spacing__hover_enabled=&#8221;on&#8221; button_letter_spacing__hover=&#8221;0&#8243; button_one_letter_spacing__hover_enabled=&#8221;off&#8221; button_two_letter_spacing__hover_enabled=&#8221;off&#8221; button_bg_color__hover_enabled=&#8221;off&#8221; button_one_bg_color__hover_enabled=&#8221;off&#8221; button_two_bg_color__hover_enabled=&#8221;off&#8221;][et_pb_slide _builder_version=&#8221;4.16&#8243; background_color=&#8221;#ffffff&#8221; background_image=&#8221;https:\/\/www.sininenreservi.fi\/wp-content\/uploads\/2015\/02\/linjataulu-1200&#215;440.jpg&#8221; global_colors_info=&#8221;{}&#8221; button_text_size__hover_enabled=&#8221;off&#8221; button_one_text_size__hover_enabled=&#8221;off&#8221; button_two_text_size__hover_enabled=&#8221;off&#8221; button_text_color__hover_enabled=&#8221;off&#8221; button_one_text_color__hover_enabled=&#8221;off&#8221; button_two_text_color__hover_enabled=&#8221;off&#8221; button_border_width__hover_enabled=&#8221;off&#8221; button_one_border_width__hover_enabled=&#8221;off&#8221; button_two_border_width__hover_enabled=&#8221;off&#8221; button_border_color__hover_enabled=&#8221;off&#8221; button_one_border_color__hover_enabled=&#8221;off&#8221; button_two_border_color__hover_enabled=&#8221;off&#8221; button_border_radius__hover_enabled=&#8221;off&#8221; button_one_border_radius__hover_enabled=&#8221;off&#8221; button_two_border_radius__hover_enabled=&#8221;off&#8221; button_letter_spacing__hover_enabled=&#8221;off&#8221; button_one_letter_spacing__hover_enabled=&#8221;off&#8221; button_two_letter_spacing__hover_enabled=&#8221;off&#8221; button_bg_color__hover_enabled=&#8221;off&#8221; button_one_bg_color__hover_enabled=&#8221;off&#8221; button_two_bg_color__hover_enabled=&#8221;off&#8221; sticky_transition=&#8221;on&#8221;][\/et_pb_slide][et_pb_slide _builder_version=&#8221;4.16&#8243; background_color=&#8221;#ffffff&#8221; background_image=&#8221;https:\/\/www.sininenreservi.fi\/wp-content\/uploads\/2015\/02\/uisko_main_banner_new-1200&#215;440.jpg&#8221; global_colors_info=&#8221;{}&#8221; button_text_size__hover_enabled=&#8221;off&#8221; button_one_text_size__hover_enabled=&#8221;off&#8221; button_two_text_size__hover_enabled=&#8221;off&#8221; button_text_color__hover_enabled=&#8221;off&#8221; button_one_text_color__hover_enabled=&#8221;off&#8221; button_two_text_color__hover_enabled=&#8221;off&#8221; button_border_width__hover_enabled=&#8221;off&#8221; button_one_border_width__hover_enabled=&#8221;off&#8221; button_two_border_width__hover_enabled=&#8221;off&#8221; button_border_color__hover_enabled=&#8221;off&#8221; button_one_border_color__hover_enabled=&#8221;off&#8221; button_two_border_color__hover_enabled=&#8221;off&#8221; button_border_radius__hover_enabled=&#8221;off&#8221; button_one_border_radius__hover_enabled=&#8221;off&#8221; button_two_border_radius__hover_enabled=&#8221;off&#8221; button_letter_spacing__hover_enabled=&#8221;off&#8221; button_one_letter_spacing__hover_enabled=&#8221;off&#8221; button_two_letter_spacing__hover_enabled=&#8221;off&#8221; button_bg_color__hover_enabled=&#8221;off&#8221; button_one_bg_color__hover_enabled=&#8221;off&#8221; button_two_bg_color__hover_enabled=&#8221;off&#8221; sticky_transition=&#8221;on&#8221;][\/et_pb_slide][et_pb_slide _builder_version=&#8221;4.16&#8243; background_color=&#8221;#ffffff&#8221; background_image=&#8221;https:\/\/www.sininenreservi.fi\/wp-content\/uploads\/2015\/02\/yhteystiedot-1200&#215;440.jpg&#8221; global_colors_info=&#8221;{}&#8221; button_text_size__hover_enabled=&#8221;off&#8221; button_one_text_size__hover_enabled=&#8221;off&#8221; button_two_text_size__hover_enabled=&#8221;off&#8221; button_text_color__hover_enabled=&#8221;off&#8221; button_one_text_color__hover_enabled=&#8221;off&#8221; button_two_text_color__hover_enabled=&#8221;off&#8221; button_border_width__hover_enabled=&#8221;off&#8221; button_one_border_width__hover_enabled=&#8221;off&#8221; button_two_border_width__hover_enabled=&#8221;off&#8221; button_border_color__hover_enabled=&#8221;off&#8221; button_one_border_color__hover_enabled=&#8221;off&#8221; button_two_border_color__hover_enabled=&#8221;off&#8221; button_border_radius__hover_enabled=&#8221;off&#8221; button_one_border_radius__hover_enabled=&#8221;off&#8221; button_two_border_radius__hover_enabled=&#8221;off&#8221; button_letter_spacing__hover_enabled=&#8221;off&#8221; button_one_letter_spacing__hover_enabled=&#8221;off&#8221; button_two_letter_spacing__hover_enabled=&#8221;off&#8221; button_bg_color__hover_enabled=&#8221;off&#8221; button_one_bg_color__hover_enabled=&#8221;off&#8221; button_two_bg_color__hover_enabled=&#8221;off&#8221; sticky_transition=&#8221;on&#8221;][\/et_pb_slide][et_pb_slide _builder_version=&#8221;4.16&#8243; background_color=&#8221;#ffffff&#8221; background_image=&#8221;https:\/\/www.sininenreservi.fi\/wp-content\/uploads\/2015\/02\/muut_toimijat-1200&#215;440.jpg&#8221; global_colors_info=&#8221;{}&#8221; button_text_size__hover_enabled=&#8221;off&#8221; button_one_text_size__hover_enabled=&#8221;off&#8221; button_two_text_size__hover_enabled=&#8221;off&#8221; button_text_color__hover_enabled=&#8221;off&#8221; button_one_text_color__hover_enabled=&#8221;off&#8221; button_two_text_color__hover_enabled=&#8221;off&#8221; button_border_width__hover_enabled=&#8221;off&#8221; button_one_border_width__hover_enabled=&#8221;off&#8221; button_two_border_width__hover_enabled=&#8221;off&#8221; button_border_color__hover_enabled=&#8221;off&#8221; button_one_border_color__hover_enabled=&#8221;off&#8221; button_two_border_color__hover_enabled=&#8221;off&#8221; button_border_radius__hover_enabled=&#8221;off&#8221; button_one_border_radius__hover_enabled=&#8221;off&#8221; button_two_border_radius__hover_enabled=&#8221;off&#8221; button_letter_spacing__hover_enabled=&#8221;off&#8221; button_one_letter_spacing__hover_enabled=&#8221;off&#8221; button_two_letter_spacing__hover_enabled=&#8221;off&#8221; button_bg_color__hover_enabled=&#8221;off&#8221; button_one_bg_color__hover_enabled=&#8221;off&#8221; button_two_bg_color__hover_enabled=&#8221;off&#8221; sticky_transition=&#8221;on&#8221;][\/et_pb_slide][et_pb_slide use_bg_overlay=&#8221;off&#8221; use_text_overlay=&#8221;off&#8221; _builder_version=&#8221;4.16&#8243; header_font=&#8221;||||&#8221; body_font=&#8221;||||&#8221; background_color=&#8221;#ffffff&#8221; background_image=&#8221;https:\/\/www.sininenreservi.fi\/wp-content\/uploads\/2015\/02\/talvitaulut_main_banner-1200&#215;440.jpg&#8221; button_icon_placement=&#8221;right&#8221; button_on_hover=&#8221;on&#8221; global_colors_info=&#8221;{}&#8221; button_text_size__hover_enabled=&#8221;off&#8221; button_one_text_size__hover_enabled=&#8221;off&#8221; button_two_text_size__hover_enabled=&#8221;off&#8221; button_text_color__hover_enabled=&#8221;off&#8221; button_one_text_color__hover_enabled=&#8221;off&#8221; button_two_text_color__hover_enabled=&#8221;off&#8221; button_border_width__hover_enabled=&#8221;off&#8221; button_one_border_width__hover_enabled=&#8221;off&#8221; button_two_border_width__hover_enabled=&#8221;off&#8221; button_border_color__hover_enabled=&#8221;off&#8221; button_one_border_color__hover_enabled=&#8221;off&#8221; button_two_border_color__hover_enabled=&#8221;off&#8221; button_border_radius__hover_enabled=&#8221;off&#8221; button_one_border_radius__hover_enabled=&#8221;off&#8221; button_two_border_radius__hover_enabled=&#8221;off&#8221; button_letter_spacing__hover_enabled=&#8221;off&#8221; button_one_letter_spacing__hover_enabled=&#8221;off&#8221; button_two_letter_spacing__hover_enabled=&#8221;off&#8221; button_bg_color__hover_enabled=&#8221;off&#8221; button_one_bg_color__hover_enabled=&#8221;off&#8221; button_two_bg_color__hover_enabled=&#8221;off&#8221; sticky_transition=&#8221;on&#8221;][\/et_pb_slide][\/et_pb_fullwidth_slider][\/et_pb_section][et_pb_section fb_built=&#8221;1&#8243; admin_label=&#8221;section&#8221; _builder_version=&#8221;4.16&#8243; global_colors_info=&#8221;{}&#8221;][et_pb_row admin_label=&#8221;row&#8221; _builder_version=&#8221;4.16&#8243; background_size=&#8221;initial&#8221; background_position=&#8221;top_left&#8221; background_repeat=&#8221;repeat&#8221; global_colors_info=&#8221;{}&#8221;][et_pb_column type=&#8221;4_4&#8243; _builder_version=&#8221;4.16&#8243; custom_padding=&#8221;|||&#8221; global_colors_info=&#8221;{}&#8221; custom_padding__hover=&#8221;|||&#8221;][et_pb_image src=&#8221;https:\/\/www.sininenreservi.fi\/wp-content\/uploads\/2015\/02\/frivillig_styrka_slogan-1080&#215;125.png&#8221; alt=&#8221;Frivillig styrka &#8211; Till havs och vid kusten&#8221; align_tablet=&#8221;center&#8221; align_phone=&#8221;&#8221; align_last_edited=&#8221;on|desktop&#8221; admin_label=&#8221;Motto-bild&#8221; _builder_version=&#8221;4.16&#8243; animation=&#8221;off&#8221; sticky=&#8221;off&#8221; use_border_color=&#8221;off&#8221; border_color=&#8221;#ffffff&#8221; border_style=&#8221;solid&#8221; always_center_on_mobile=&#8221;on&#8221; global_colors_info=&#8221;{}&#8221;][\/et_pb_image][et_pb_text admin_label=&#8221;Ingressi&#8221; module_class=&#8221;ingressi&#8221; _builder_version=&#8221;4.24.2&#8243; background_size=&#8221;initial&#8221; background_position=&#8221;top_left&#8221; background_repeat=&#8221;repeat&#8221; text_orientation=&#8221;center&#8221; module_alignment=&#8221;center&#8221; hover_enabled=&#8221;0&#8243; global_colors_info=&#8221;{}&#8221; sticky_enabled=&#8221;0&#8243;]<\/p>\n<p>Marinreserven rf \u00e4r en riksomfattande takorganisation f\u00f6r det frivilliga sj\u00f6f\u00f6rsvaret. V\u00e5rt verksamhetsomr\u00e5de str\u00e4cker sig fr\u00e5n Syd\u00f6stra Finland till Bottenviken samt till Birkaland och \u00c5land. Vi utvecklar prestationsf\u00f6rm\u00e5gan inom sj\u00f6f\u00f6rsvarets reserv genom att st\u00f6dja frivillig f\u00f6rsvarsutbildning, h\u00f6ja f\u00f6rsvarsviljan och fr\u00e4mja samarbetet mellan v\u00e5ra medlemsf\u00f6reningar.<br \/><a title=\"Marinreserven\" href=\"https:\/\/www.sininenreservi.fi\/sv\/sininen-reservi\/\">L\u00e4s mera \u00bb<\/a><\/p>\n<p>[\/et_pb_text][\/et_pb_column][\/et_pb_row][et_pb_row column_structure=&#8221;1_3,1_3,1_3&#8243; admin_label=&#8221;row&#8221; _builder_version=&#8221;4.16&#8243; background_size=&#8221;initial&#8221; background_position=&#8221;top_left&#8221; background_repeat=&#8221;repeat&#8221; global_colors_info=&#8221;{}&#8221;][et_pb_column type=&#8221;1_3&#8243; _builder_version=&#8221;4.16&#8243; custom_padding=&#8221;|||&#8221; global_colors_info=&#8221;{}&#8221; custom_padding__hover=&#8221;|||&#8221;][et_pb_blurb title=&#8221;Samverkan&#8221; image_icon_width=&#8221;none&#8221; admin_label=&#8221;Samverkan&#8221; _builder_version=&#8221;4.16&#8243; background_size=&#8221;initial&#8221; background_position=&#8221;top_left&#8221; background_repeat=&#8221;repeat&#8221; text_orientation=&#8221;center&#8221; image_max_width=&#8221;none&#8221; global_colors_info=&#8221;{}&#8221;]Marinreserven rf:s huvuduppgift \u00e4r att fr\u00e4mja samarbetet mellan sina medlemsf\u00f6reningar och koordinera verksamhet som omfattar flera f\u00f6reningar. Vi agerar allts\u00e5 tillsammans, men \u00e4ven tillsammans med Marinen, Sj\u00f6bevakningen, MPK och v\u00e5ra underst\u00f6dare. Samverkan som st\u00f6der sj\u00f6f\u00f6rsvaret och sammanh\u00e5llningen \u00e4r v\u00e5r gemensamma f\u00f6rdel.<br \/>\n[\/et_pb_blurb][\/et_pb_column][et_pb_column type=&#8221;1_3&#8243; _builder_version=&#8221;4.16&#8243; custom_padding=&#8221;|||&#8221; global_colors_info=&#8221;{}&#8221; custom_padding__hover=&#8221;|||&#8221;][et_pb_blurb title=&#8221;S\u00e4kerhet&#8221; image_icon_width=&#8221;none&#8221; admin_label=&#8221;S\u00e4kerhet&#8221; _builder_version=&#8221;4.16&#8243; background_size=&#8221;initial&#8221; background_position=&#8221;top_left&#8221; background_repeat=&#8221;repeat&#8221; text_orientation=&#8221;center&#8221; image_max_width=&#8221;none&#8221; global_colors_info=&#8221;{}&#8221;]Det frivilliga f\u00f6rsvarsarbetet st\u00f6der Finlands s\u00e4kerhet. En utbildad och motiverad reserv \u00e4r F\u00f6rsvarsmaktens trygghet. F\u00f6rutom yttre s\u00e4kerhet skapar en utbildad reserv \u00e4ven trygghet s\u00e5v\u00e4l till sj\u00f6ss som hemma. S\u00e4kerhet l\u00e4nkar ihop de allm\u00e4nnyttiga elementen i v\u00e5r verksamhet.<br \/>\n[\/et_pb_blurb][\/et_pb_column][et_pb_column type=&#8221;1_3&#8243; _builder_version=&#8221;4.16&#8243; custom_padding=&#8221;|||&#8221; global_colors_info=&#8221;{}&#8221; custom_padding__hover=&#8221;|||&#8221;][et_pb_blurb title=&#8221;Kunnande&#8221; image_icon_width=&#8221;none&#8221; admin_label=&#8221;Kunnande&#8221; _builder_version=&#8221;4.16&#8243; background_size=&#8221;initial&#8221; background_position=&#8221;top_left&#8221; background_repeat=&#8221;repeat&#8221; text_orientation=&#8221;center&#8221; image_max_width=&#8221;none&#8221; global_colors_info=&#8221;{}&#8221;]Kunnande, s\u00e5v\u00e4l civilt som milit\u00e4rt, \u00e4r grunden f\u00f6r v\u00e5r verksamhet. Vi sk\u00f6ter reservistens gebiet skickligt, vi utbildar oss sj\u00e4lva och andra, vi delar med oss av v\u00e5rt kunnande. Vi st\u00f6der MPK\u2019s kurser som utbildare och som deltagare.<br \/>\n[\/et_pb_blurb][\/et_pb_column][\/et_pb_row][et_pb_row column_structure=&#8221;2_3,1_3&#8243; admin_label=&#8221;row&#8221; _builder_version=&#8221;4.16&#8243; background_size=&#8221;initial&#8221; background_position=&#8221;top_left&#8221; background_repeat=&#8221;repeat&#8221; global_colors_info=&#8221;{}&#8221;][et_pb_column type=&#8221;2_3&#8243; _builder_version=&#8221;4.16&#8243; custom_padding=&#8221;|||&#8221; global_colors_info=&#8221;{}&#8221; custom_padding__hover=&#8221;|||&#8221;][et_pb_text admin_label=&#8221;Marinreserven p\u00e5 Facebook&#8221; module_class=&#8221;blue_h4&#8243; _builder_version=&#8221;4.16&#8243; background_size=&#8221;initial&#8221; background_position=&#8221;top_left&#8221; background_repeat=&#8221;repeat&#8221; global_colors_info=&#8221;{}&#8221;]<\/p>\n<h4>Marinreserven rf p\u00e5 Facebook<\/h4>\n<p>[\/et_pb_text][et_pb_text admin_label=&#8221;FB feed&#8221; module_class=&#8221;fb-feed&#8221; _builder_version=&#8221;4.16&#8243; background_size=&#8221;initial&#8221; background_position=&#8221;top_left&#8221; background_repeat=&#8221;repeat&#8221; global_colors_info=&#8221;{}&#8221;]<div class=\"cff-wrapper\">\t<div id=\"cff-visual-header-607769019253995\" class=\"cff-visual-header cff-has-name cff-has-about cff-has-cover\">\n\t\t\t\t\t\t<div class=\"cff-header-hero\">\n\t\t\t<img src=\"https:\/\/scontent-hel3-1.xx.fbcdn.net\/v\/t39.30808-6\/486446802_1063024395859631_4112798658326280084_n.jpg?_nc_cat=109&#038;ccb=1-7&#038;_nc_sid=351699&#038;_nc_ohc=gXwQCiwWvc8Q7kNvwFKHWK2&#038;_nc_oc=AdqPa9gcRy4DqMbTTbf2azM3bAyZjGXyK6Okao_UpzhCUBdBzpPex1yOscEmUL-leaQ&#038;_nc_zt=23&#038;_nc_ht=scontent-hel3-1.xx&#038;edm=AJdBtusEAAAA&#038;_nc_gid=elA8tMyq9aYLBq8s2G5ahg&#038;_nc_tpa=Q5bMBQE1nvXzqPD4myM30WXbmh3rZ03dDTc7q_tIcLUCJmgJyEpj_t3XNPCrwhgJUYP-kxNr48gTcL1mDw&#038;oh=00_Af0DMeLnMVAeB-a_njGPluVO-M_iijArYpE2q28s9IiWEQ&#038;oe=69F791BA\" alt=\"Cover for Sininen Reservi\" data-cover-url=\"https:\/\/scontent-hel3-1.xx.fbcdn.net\/v\/t39.30808-6\/486446802_1063024395859631_4112798658326280084_n.jpg?_nc_cat=109&#038;ccb=1-7&#038;_nc_sid=351699&#038;_nc_ohc=gXwQCiwWvc8Q7kNvwFKHWK2&#038;_nc_oc=AdqPa9gcRy4DqMbTTbf2azM3bAyZjGXyK6Okao_UpzhCUBdBzpPex1yOscEmUL-leaQ&#038;_nc_zt=23&#038;_nc_ht=scontent-hel3-1.xx&#038;edm=AJdBtusEAAAA&#038;_nc_gid=elA8tMyq9aYLBq8s2G5ahg&#038;_nc_tpa=Q5bMBQE1nvXzqPD4myM30WXbmh3rZ03dDTc7q_tIcLUCJmgJyEpj_t3XNPCrwhgJUYP-kxNr48gTcL1mDw&#038;oh=00_Af0DMeLnMVAeB-a_njGPluVO-M_iijArYpE2q28s9IiWEQ&#038;oe=69F791BA\">\n\t\t\t\t\t\t<div class=\"cff-likes-box\">\n\t\t\t\t<div class=\"cff-square-logo\"><svg aria-hidden=\"true\" focusable=\"false\" data-prefix=\"fab\" data-icon=\"facebook-square\" role=\"img\" xmlns=\"http:\/\/www.w3.org\/2000\/svg\" viewBox=\"0 0 448 512\" class=\"svg-inline--fa fa-facebook-square fa-w-14\"><path fill=\"currentColor\" d=\"M400 32H48A48 48 0 0 0 0 80v352a48 48 0 0 0 48 48h137.25V327.69h-63V256h63v-54.64c0-62.15 37-96.48 93.67-96.48 27.14 0 55.52 4.84 55.52 4.84v61h-31.27c-30.81 0-40.42 19.12-40.42 38.73V256h68.78l-11 71.69h-57.78V480H400a48 48 0 0 0 48-48V80a48 48 0 0 0-48-48z\" class=\"\"><\/path><\/svg><\/div>\n\t\t\t\t<div class=\"cff-likes-count\">\n\t\t\t\t\t1,350\t\t\t\t<\/div>\n\t\t\t<\/div>\n\t\t\t\t\t<\/div>\n\t\t\t\t<div class=\"cff-header-inner-wrap\">\n\t\t\t\t\t\t\t<div class=\"cff-header-img\">\n\t\t\t\t\t<a href=\"https:\/\/www.facebook.com\/607769019253995\" target=\"_blank\" rel=\"nofollow noopener\" title=\"Sininen Reservi\"><img src=\"https:\/\/scontent-hel3-1.xx.fbcdn.net\/v\/t39.30808-1\/458733025_917803143715091_3381924800156186330_n.jpg?stp=dst-jpg_s160x160_tt6&#038;_nc_cat=106&#038;ccb=1-7&#038;_nc_sid=08baa4&#038;_nc_ohc=jzLtLwIt3pEQ7kNvwEnLyjX&#038;_nc_oc=AdpCtqHS52ULLWejdFkxPVmCGHntvrYpMTroomHpS614drxP6lpKQPLWoYU2wXtF44s&#038;_nc_zt=24&#038;_nc_ht=scontent-hel3-1.xx&#038;edm=AJdBtusEAAAA&#038;_nc_gid=elA8tMyq9aYLBq8s2G5ahg&#038;_nc_tpa=Q5bMBQEo57qvLK3MsJ1THV0wxTuHYtQQNFnzMvgbw4ehs-mlv0SmecauwZFgDLQ3tpTfnbgNzw5ykAKeqw&#038;oh=00_Af1g7LWsWQuAQ9TYXnCMm9rwBfMaXr5IB0r8GhQWTmm6rg&#038;oe=69F77E72\" alt=\"Sininen Reservi\" data-avatar=\"https:\/\/scontent-hel3-1.xx.fbcdn.net\/v\/t39.30808-1\/458733025_917803143715091_3381924800156186330_n.jpg?stp=dst-jpg_s160x160_tt6&#038;_nc_cat=106&#038;ccb=1-7&#038;_nc_sid=08baa4&#038;_nc_ohc=jzLtLwIt3pEQ7kNvwEnLyjX&#038;_nc_oc=AdpCtqHS52ULLWejdFkxPVmCGHntvrYpMTroomHpS614drxP6lpKQPLWoYU2wXtF44s&#038;_nc_zt=24&#038;_nc_ht=scontent-hel3-1.xx&#038;edm=AJdBtusEAAAA&#038;_nc_gid=elA8tMyq9aYLBq8s2G5ahg&#038;_nc_tpa=Q5bMBQEo57qvLK3MsJ1THV0wxTuHYtQQNFnzMvgbw4ehs-mlv0SmecauwZFgDLQ3tpTfnbgNzw5ykAKeqw&#038;oh=00_Af1g7LWsWQuAQ9TYXnCMm9rwBfMaXr5IB0r8GhQWTmm6rg&#038;oe=69F77E72\"><\/a>\n\t\t\t\t<\/div>\n\t\t\t\t\t\t<div class=\"cff-header-text\" >\n\n\t\t\t\t\t\t\t<a href=\"https:\/\/www.facebook.com\/607769019253995\" target=\"_blank\" rel=\"nofollow noopener\" title=\"Sininen Reservi\" class=\"cff-header-name\"><h3 style=\"font-size:inheritpx;\">Sininen Reservi<\/h3><\/a>\n\t\t\t\t\t\t\t\t\t\t\t\t\t<p class=\"cff-bio\">Sininen Reservi ry on valtakunnallinen vapaaehtoisen meripuolustuksen kattoj\u00e4rjest\u00f6. Tuomme yhteen merell\u00e4 ja rannikolla toimivat maanpuolustusyhdistykset, tuemme koulutusta ja edist\u00e4mme j\u00e4senyhdistystemme yhteistoimintaa. <\/p>\n\t\t\t\t\t\t<\/div>\n\t\t<\/div>\n\t<\/div>\n<div class=\"cff-wrapper-ctn \" ><div id=\"cff\"  class=\"cff cff-list-container cff-masonry masonry-2-tablet cff-masonry-js cff-default-styles  cff-mob-cols-1\"   style=\"width:100%;\"   data-char=\"400\" ><div class=\"cff-posts-wrap\"><div id=\"cff_607769019253995_1385513056944095\" class=\"cff-item cff-link-item author-sininen-reservi\"  style=\"border-bottom: 1px solid #ddd;\">\n\t<div class=\"cff-author\">\n\t<div class=\"cff-author-text\">\n\t\t\t\t\t<div class=\"cff-page-name cff-author-date\" >\n\t\t\t\t<a href=\"https:\/\/facebook.com\/607769019253995\" target=\"_blank\" rel=\"nofollow noopener\" >Sininen Reservi<\/a>\n\t\t\t\t<span class=\"cff-story\"> <\/span>\n\t\t\t<\/div>\n\t\t\t\n<p class=\"cff-date\" > 21 hours ago <\/p>\n\t\t\t<\/div>\n\t<div class=\"cff-author-img \" data-avatar=\"https:\/\/scontent-hel3-1.xx.fbcdn.net\/v\/t39.30808-1\/458733025_917803143715091_3381924800156186330_n.jpg?stp=cp0_dst-jpg_s50x50_tt6&#038;_nc_cat=106&#038;ccb=1-7&#038;_nc_sid=f907e8&#038;_nc_ohc=jzLtLwIt3pEQ7kNvwEnLyjX&#038;_nc_oc=AdpCtqHS52ULLWejdFkxPVmCGHntvrYpMTroomHpS614drxP6lpKQPLWoYU2wXtF44s&#038;_nc_zt=24&#038;_nc_ht=scontent-hel3-1.xx&#038;edm=AKIiGfEEAAAA&#038;_nc_gid=-Vd7rvgu7TOclVehfirbDg&#038;_nc_tpa=Q5bMBQGgibYFLWwb4sn9EXqpVHc3mAfkzt8wmEXNqwmfOSIsWocBaxOSXhHJBBCRfs7QD-31bnMb6EnoCw&#038;oh=00_Af2fenBzCYHY94o4HoCuL_X0bc8W_elj0JQ3kIwIWycrRQ&#038;oe=69F77E72\">\n\t\t<a href=\"https:\/\/facebook.com\/607769019253995\" target=\"_blank\" rel=\"nofollow noopener\" ><img src=\"https:\/\/scontent-hel3-1.xx.fbcdn.net\/v\/t39.30808-1\/458733025_917803143715091_3381924800156186330_n.jpg?stp=cp0_dst-jpg_s50x50_tt6&#038;_nc_cat=106&#038;ccb=1-7&#038;_nc_sid=f907e8&#038;_nc_ohc=jzLtLwIt3pEQ7kNvwEnLyjX&#038;_nc_oc=AdpCtqHS52ULLWejdFkxPVmCGHntvrYpMTroomHpS614drxP6lpKQPLWoYU2wXtF44s&#038;_nc_zt=24&#038;_nc_ht=scontent-hel3-1.xx&#038;edm=AKIiGfEEAAAA&#038;_nc_gid=-Vd7rvgu7TOclVehfirbDg&#038;_nc_tpa=Q5bMBQGgibYFLWwb4sn9EXqpVHc3mAfkzt8wmEXNqwmfOSIsWocBaxOSXhHJBBCRfs7QD-31bnMb6EnoCw&#038;oh=00_Af2fenBzCYHY94o4HoCuL_X0bc8W_elj0JQ3kIwIWycrRQ&#038;oe=69F77E72\" title=\"Sininen Reservi\" alt=\"Sininen Reservi\" width=40 height=40 onerror=\"this.style.display='none'\"><\/a>\n\t<\/div>\n<\/div>\n\n<div class=\"cff-post-text\" >\n\t<span class=\"cff-text\" data-color=\"\">\n\t\tTule nauttimaan Sotilaskodin herkuista torstaina 7.5.2026 klo 10-17 Senaatintorille, Helsinkiin! Myynniss\u00e4 my\u00f6s Finnish Navy -tuotteita.\t\t\t<\/span>\n\t<span class=\"cff-expand\">... <a href=\"#\" style=\"color: #\"><span class=\"cff-more\">See More<\/span><span class=\"cff-less\">See Less<\/span><\/a><\/span>\n\n<\/div>\n\n\n<div class=\"cff-shared-link \" >\n\t<div class=\"cff-text-link cff-no-image\">\n\t\t\t\t\t<p class=\"cff-link-title\" >\n\t\t\t\t<a href=\"https:\/\/facebook.com\/607769019253995\" target=\"_blank\"  rel=\"nofollow noopener noreferrer\" style=\"color:#;\">This content isn't available right now<\/a>\n\t\t\t<\/p>\n\t\t\n\t\t\n\t\t\t\t\t<span class=\"cff-post-desc\" >When this happens, it's usually because the owner only shared it with a small group of people, changed who can see it or it's been deleted.<\/span>\n\t\t\t\t\n\t<\/div>\n<\/div>\n\n\t<div class=\"cff-post-links\">\n\t\t\t\t\t<a class=\"cff-viewpost-facebook\" href=\"https:\/\/www.facebook.com\/607769019253995\/posts\/1385513056944095\" title=\"View on Facebook\" target=\"_blank\" rel=\"nofollow noopener\" >View on Facebook<\/a>\n\t\t\t\t\t\t\t<div class=\"cff-share-container\">\n\t\t\t\t\t\t\t\t\t<span class=\"cff-dot\" >&middot;<\/span>\n\t\t\t\t\t\t\t\t<a class=\"cff-share-link\" href=\"https:\/\/www.facebook.com\/sharer\/sharer.php?u=https%3A%2F%2Fwww.facebook.com%2F607769019253995%2Fposts%2F1385513056944095\" title=\"Share\" >Share<\/a>\n\t\t\t\t<p class=\"cff-share-tooltip\">\n\t\t\t\t\t\t\t\t\t\t\t<a href=\"https:\/\/www.facebook.com\/sharer\/sharer.php?u=https%3A%2F%2Fwww.facebook.com%2F607769019253995%2Fposts%2F1385513056944095\" target=\"_blank\" rel=\"noopener noreferrer\" class=\"cff-facebook-icon\">\n\t\t\t\t\t\t\t<span class=\"fa fab fa-facebook-square\" aria-hidden=\"true\"><\/span>\n\t\t\t\t\t\t\t<span class=\"cff-screenreader\">Share on Facebook<\/span>\n\t\t\t\t\t\t<\/a>\n\t\t\t\t\t\t\t\t\t\t\t<a href=\"https:\/\/twitter.com\/intent\/tweet?text=https%3A%2F%2Fwww.facebook.com%2F607769019253995%2Fposts%2F1385513056944095\" target=\"_blank\" rel=\"noopener noreferrer\" class=\"cff-twitter-icon\">\n\t\t\t\t\t\t\t<span class=\"fa fab fa-twitter\" aria-hidden=\"true\"><\/span>\n\t\t\t\t\t\t\t<span class=\"cff-screenreader\">Share on Twitter<\/span>\n\t\t\t\t\t\t<\/a>\n\t\t\t\t\t\t\t\t\t\t\t<a href=\"https:\/\/www.linkedin.com\/shareArticle?mini=true&#038;url=https%3A%2F%2Fwww.facebook.com%2F607769019253995%2Fposts%2F1385513056944095&#038;title=%09%09%09Tule%20nauttimaan%20Sotilaskodin%20herkuista%20torstaina%207.5.2026%20klo%2010-17%20Senaatintorille%2C%20Helsinkiin%21%20Myynniss%C3%A4%20my%C3%B6s%20Finnish%20Navy%20-tuotteita.%09%09%09%09\" target=\"_blank\" rel=\"noopener noreferrer\" class=\"cff-linkedin-icon\">\n\t\t\t\t\t\t\t<span class=\"fa fab fa-linkedin\" aria-hidden=\"true\"><\/span>\n\t\t\t\t\t\t\t<span class=\"cff-screenreader\">Share on Linked In<\/span>\n\t\t\t\t\t\t<\/a>\n\t\t\t\t\t\t\t\t\t\t\t<a href=\"mailto:?subject=Facebook&#038;body=https%3A%2F%2Fwww.facebook.com%2F607769019253995%2Fposts%2F1385513056944095%20-%20%0A%0A%09%0A%09%09Tule%20nauttimaan%20Sotilaskodin%20herkuista%20torstaina%207.5.2026%20klo%2010-17%20Senaatintorille%2C%20Helsinkiin%21%20Myynniss%C3%A4%20my%C3%B6s%20Finnish%20Navy%20-tuotteita.%09%09%09%0A%09\" target=\"_blank\" rel=\"noopener noreferrer\" class=\"cff-email-icon\">\n\t\t\t\t\t\t\t<span class=\"fa fab fa-envelope\" aria-hidden=\"true\"><\/span>\n\t\t\t\t\t\t\t<span class=\"cff-screenreader\">Share by Email<\/span>\n\t\t\t\t\t\t<\/a>\n\t\t\t\t\t\t\t\t\t<\/p>\n\t\t\t<\/div>\n\t\t\t<\/div>\n\t<\/div>\n\n\n\n<div id=\"cff_607769019253995_1384525817042819\" class=\"cff-item cff-photo-post author-sininen-reservi\"  style=\"border-bottom: 1px solid #ddd;\">\n\t<div class=\"cff-author\">\n\t<div class=\"cff-author-text\">\n\t\t\t\t\t<div class=\"cff-page-name cff-author-date\" >\n\t\t\t\t<a href=\"https:\/\/facebook.com\/607769019253995\" target=\"_blank\" rel=\"nofollow noopener\" >Sininen Reservi<\/a>\n\t\t\t\t<span class=\"cff-story\"> <\/span>\n\t\t\t<\/div>\n\t\t\t\n<p class=\"cff-date\" > 2 days ago <\/p>\n\t\t\t<\/div>\n\t<div class=\"cff-author-img \" data-avatar=\"https:\/\/scontent-hel3-1.xx.fbcdn.net\/v\/t39.30808-1\/458733025_917803143715091_3381924800156186330_n.jpg?stp=cp0_dst-jpg_s50x50_tt6&#038;_nc_cat=106&#038;ccb=1-7&#038;_nc_sid=f907e8&#038;_nc_ohc=jzLtLwIt3pEQ7kNvwEnLyjX&#038;_nc_oc=AdpCtqHS52ULLWejdFkxPVmCGHntvrYpMTroomHpS614drxP6lpKQPLWoYU2wXtF44s&#038;_nc_zt=24&#038;_nc_ht=scontent-hel3-1.xx&#038;edm=AKIiGfEEAAAA&#038;_nc_gid=-Vd7rvgu7TOclVehfirbDg&#038;_nc_tpa=Q5bMBQGgibYFLWwb4sn9EXqpVHc3mAfkzt8wmEXNqwmfOSIsWocBaxOSXhHJBBCRfs7QD-31bnMb6EnoCw&#038;oh=00_Af2fenBzCYHY94o4HoCuL_X0bc8W_elj0JQ3kIwIWycrRQ&#038;oe=69F77E72\">\n\t\t<a href=\"https:\/\/facebook.com\/607769019253995\" target=\"_blank\" rel=\"nofollow noopener\" ><img src=\"https:\/\/scontent-hel3-1.xx.fbcdn.net\/v\/t39.30808-1\/458733025_917803143715091_3381924800156186330_n.jpg?stp=cp0_dst-jpg_s50x50_tt6&#038;_nc_cat=106&#038;ccb=1-7&#038;_nc_sid=f907e8&#038;_nc_ohc=jzLtLwIt3pEQ7kNvwEnLyjX&#038;_nc_oc=AdpCtqHS52ULLWejdFkxPVmCGHntvrYpMTroomHpS614drxP6lpKQPLWoYU2wXtF44s&#038;_nc_zt=24&#038;_nc_ht=scontent-hel3-1.xx&#038;edm=AKIiGfEEAAAA&#038;_nc_gid=-Vd7rvgu7TOclVehfirbDg&#038;_nc_tpa=Q5bMBQGgibYFLWwb4sn9EXqpVHc3mAfkzt8wmEXNqwmfOSIsWocBaxOSXhHJBBCRfs7QD-31bnMb6EnoCw&#038;oh=00_Af2fenBzCYHY94o4HoCuL_X0bc8W_elj0JQ3kIwIWycrRQ&#038;oe=69F77E72\" title=\"Sininen Reservi\" alt=\"Sininen Reservi\" width=40 height=40 onerror=\"this.style.display='none'\"><\/a>\n\t<\/div>\n<\/div>\n\n<div class=\"cff-post-text\" >\n\t<span class=\"cff-text\" data-color=\"\">\n\t\tT\u00e4n\u00e4\u00e4n viet\u00e4mme kansallista veteraanip\u00e4iv\u00e4\u00e4 kunnioittaen heit\u00e4, jotka turvasivat Suomen vapauden.<img class=\"cff-linebreak\" \/><img class=\"cff-linebreak\" \/>Merivoimien, merivartioston ja rannikkotykist\u00f6n veteraanit puolustivat rannikkojamme ja meriyhteyksi\u00e4mme vaativissa oloissa \u2013 usein n\u00e4kym\u00e4tt\u00f6m\u00e4sti, mutta ratkaisevasti.<img class=\"cff-linebreak\" \/><img class=\"cff-linebreak\" \/>Kunnia veteraaneille. <img class=\"cff-linebreak\" \/><img class=\"cff-linebreak\" \/>Idag uppm\u00e4rksammar vi veterandagen och hedrar dem som tryggade Finlands frihet.<img class=\"cff-linebreak\" \/><img class=\"cff-linebreak\" \/>Veteraner fr\u00e5n marinen, sj\u00f6bevakningen och kustartilleriet f\u00f6rsvarade v\u00e5ra kuster och sj\u00f6f\u00f6rbindelser under kr\u00e4vande f\u00f6rh\u00e5llanden \u2013 ofta i det tysta, men med avg\u00f6rande betydelse.<img class=\"cff-linebreak\" \/><img class=\"cff-linebreak\" \/>\u00c4ra \u00e5t veteranerna.\t\t\t<\/span>\n\t<span class=\"cff-expand\">... <a href=\"#\" style=\"color: #\"><span class=\"cff-more\">See More<\/span><span class=\"cff-less\">See Less<\/span><\/a><\/span>\n\n<\/div>\n\n<p class=\"cff-media-link\">\n\t<a href=\"https:\/\/www.facebook.com\/photo.php?fbid=1384552293706838&#038;set=a.552536870241722&#038;type=3\" target=\"_blank\" style=\"color: #\">\n\t\t<span style=\"padding-right: 5px;\" class=\"fa fas fa-picture-o fa-image\"><\/span>Photo\t<\/a>\n<\/p>\n\t\t<div class=\"cff-post-links\">\n\t\t\t\t\t<a class=\"cff-viewpost-facebook\" href=\"https:\/\/www.facebook.com\/photo.php?fbid=1384552293706838&#038;set=a.552536870241722&#038;type=3\" title=\"View on Facebook\" target=\"_blank\" rel=\"nofollow noopener\" >View on Facebook<\/a>\n\t\t\t\t\t\t\t<div class=\"cff-share-container\">\n\t\t\t\t\t\t\t\t\t<span class=\"cff-dot\" >&middot;<\/span>\n\t\t\t\t\t\t\t\t<a class=\"cff-share-link\" href=\"https:\/\/www.facebook.com\/sharer\/sharer.php?u=https%3A%2F%2Fwww.facebook.com%2Fphoto.php%3Ffbid%3D1384552293706838%26amp%3Bset%3Da.552536870241722%26amp%3Btype%3D3\" title=\"Share\" >Share<\/a>\n\t\t\t\t<p class=\"cff-share-tooltip\">\n\t\t\t\t\t\t\t\t\t\t\t<a href=\"https:\/\/www.facebook.com\/sharer\/sharer.php?u=https%3A%2F%2Fwww.facebook.com%2Fphoto.php%3Ffbid%3D1384552293706838%26amp%3Bset%3Da.552536870241722%26amp%3Btype%3D3\" target=\"_blank\" rel=\"noopener noreferrer\" class=\"cff-facebook-icon\">\n\t\t\t\t\t\t\t<span class=\"fa fab fa-facebook-square\" aria-hidden=\"true\"><\/span>\n\t\t\t\t\t\t\t<span class=\"cff-screenreader\">Share on Facebook<\/span>\n\t\t\t\t\t\t<\/a>\n\t\t\t\t\t\t\t\t\t\t\t<a href=\"https:\/\/twitter.com\/intent\/tweet?text=https%3A%2F%2Fwww.facebook.com%2Fphoto.php%3Ffbid%3D1384552293706838%26amp%3Bset%3Da.552536870241722%26amp%3Btype%3D3\" target=\"_blank\" rel=\"noopener noreferrer\" class=\"cff-twitter-icon\">\n\t\t\t\t\t\t\t<span class=\"fa fab fa-twitter\" aria-hidden=\"true\"><\/span>\n\t\t\t\t\t\t\t<span class=\"cff-screenreader\">Share on Twitter<\/span>\n\t\t\t\t\t\t<\/a>\n\t\t\t\t\t\t\t\t\t\t\t<a href=\"https:\/\/www.linkedin.com\/shareArticle?mini=true&#038;url=https%3A%2F%2Fwww.facebook.com%2Fphoto.php%3Ffbid%3D1384552293706838%26amp%3Bset%3Da.552536870241722%26amp%3Btype%3D3&#038;title=%09%09%09T%C3%A4n%C3%A4%C3%A4n%20viet%C3%A4mme%20kansallista%20veteraanip%C3%A4iv%C3%A4%C3%A4%20kunnioittaen%20heit%C3%A4%2C%20jotka%20turvasivat%20Suomen%20vapauden.Merivoimien%2C%20merivartioston%20ja%20rannikkotykist%C3%B6n%20veteraanit%20puolustivat%20rannikkojamme%20ja%20meriyhteyksi%C3%A4mme%20vaativissa%20oloissa%20%E2%80%93%20usein%20n%C3%A4kym%C3%A4tt%C3%B6m%C3%A4sti%2C%20mutta%20ratkaisevasti.Kunnia%20veteraaneille.%20Idag%20uppm%C3%A4rksammar%20vi%20veterandagen%20och%20hedrar%20dem%20som%20tryggade%20Finlands%20frihet.Veteraner%20fr%C3%A5n%20marinen%2C%20sj%C3%B6bevakningen%20och%20kustartilleriet%20f%C3%B6rsvarade%20v%C3%A5ra%20kuster%20och%20sj%C3%B6f%C3%B6rbindelser%20under%20kr%C3%A4vande%20f%C3%B6rh%C3%A5llanden%20%E2%80%93%20ofta%20i%20det%20tysta%2C%20men%20med%20avg%C3%B6rande%20betydelse.%C3%84ra%20%C3%A5t%20veteranerna.%09%09%09%09\" target=\"_blank\" rel=\"noopener noreferrer\" class=\"cff-linkedin-icon\">\n\t\t\t\t\t\t\t<span class=\"fa fab fa-linkedin\" aria-hidden=\"true\"><\/span>\n\t\t\t\t\t\t\t<span class=\"cff-screenreader\">Share on Linked In<\/span>\n\t\t\t\t\t\t<\/a>\n\t\t\t\t\t\t\t\t\t\t\t<a href=\"mailto:?subject=Facebook&#038;body=https%3A%2F%2Fwww.facebook.com%2Fphoto.php%3Ffbid%3D1384552293706838%26amp%3Bset%3Da.552536870241722%26amp%3Btype%3D3%20-%20%0A%0A%09%0A%09%09T%C3%A4n%C3%A4%C3%A4n%20viet%C3%A4mme%20kansallista%20veteraanip%C3%A4iv%C3%A4%C3%A4%20kunnioittaen%20heit%C3%A4%2C%20jotka%20turvasivat%20Suomen%20vapauden.Merivoimien%2C%20merivartioston%20ja%20rannikkotykist%C3%B6n%20veteraanit%20puolustivat%20rannikkojamme%20ja%20meriyhteyksi%C3%A4mme%20vaativissa%20oloissa%20%E2%80%93%20usein%20n%C3%A4kym%C3%A4tt%C3%B6m%C3%A4sti%2C%20mutta%20ratkaisevasti.Kunnia%20veteraaneille.%20Idag%20uppm%C3%A4rksammar%20vi%20veterandagen%20och%20hedrar%20dem%20som%20tryggade%20Finlands%20frihet.Veteraner%20fr%C3%A5n%20marinen%2C%20sj%C3%B6bevakningen%20och%20kustartilleriet%20f%C3%B6rsvarade%20v%C3%A5ra%20kuster%20och%20sj%C3%B6f%C3%B6rbindelser%20under%20kr%C3%A4vande%20f%C3%B6rh%C3%A5llanden%20%E2%80%93%20ofta%20i%20det%20tysta%2C%20men%20med%20avg%C3%B6rande%20betydelse.%C3%84ra%20%C3%A5t%20veteranerna.%09%09%09%0A%09\" target=\"_blank\" rel=\"noopener noreferrer\" class=\"cff-email-icon\">\n\t\t\t\t\t\t\t<span class=\"fa fab fa-envelope\" aria-hidden=\"true\"><\/span>\n\t\t\t\t\t\t\t<span class=\"cff-screenreader\">Share by Email<\/span>\n\t\t\t\t\t\t<\/a>\n\t\t\t\t\t\t\t\t\t<\/p>\n\t\t\t<\/div>\n\t\t\t<\/div>\n\t<\/div>\n\n\n\n<div id=\"cff_607769019253995_1350593107102757\" class=\"cff-item cff-photo-post author-sininen-reservi\"  style=\"border-bottom: 1px solid #ddd;\">\n\t<div class=\"cff-author\">\n\t<div class=\"cff-author-text\">\n\t\t\t\t\t<div class=\"cff-page-name cff-author-date\" >\n\t\t\t\t<a href=\"https:\/\/facebook.com\/607769019253995\" target=\"_blank\" rel=\"nofollow noopener\" >Sininen Reservi<\/a>\n\t\t\t\t<span class=\"cff-story\"> <\/span>\n\t\t\t<\/div>\n\t\t\t\n<p class=\"cff-date\" > 1 month ago <\/p>\n\t\t\t<\/div>\n\t<div class=\"cff-author-img \" data-avatar=\"https:\/\/scontent-hel3-1.xx.fbcdn.net\/v\/t39.30808-1\/458733025_917803143715091_3381924800156186330_n.jpg?stp=cp0_dst-jpg_s50x50_tt6&#038;_nc_cat=106&#038;ccb=1-7&#038;_nc_sid=f907e8&#038;_nc_ohc=jzLtLwIt3pEQ7kNvwEnLyjX&#038;_nc_oc=AdpCtqHS52ULLWejdFkxPVmCGHntvrYpMTroomHpS614drxP6lpKQPLWoYU2wXtF44s&#038;_nc_zt=24&#038;_nc_ht=scontent-hel3-1.xx&#038;edm=AKIiGfEEAAAA&#038;_nc_gid=-Vd7rvgu7TOclVehfirbDg&#038;_nc_tpa=Q5bMBQGgibYFLWwb4sn9EXqpVHc3mAfkzt8wmEXNqwmfOSIsWocBaxOSXhHJBBCRfs7QD-31bnMb6EnoCw&#038;oh=00_Af2fenBzCYHY94o4HoCuL_X0bc8W_elj0JQ3kIwIWycrRQ&#038;oe=69F77E72\">\n\t\t<a href=\"https:\/\/facebook.com\/607769019253995\" target=\"_blank\" rel=\"nofollow noopener\" ><img src=\"https:\/\/scontent-hel3-1.xx.fbcdn.net\/v\/t39.30808-1\/458733025_917803143715091_3381924800156186330_n.jpg?stp=cp0_dst-jpg_s50x50_tt6&#038;_nc_cat=106&#038;ccb=1-7&#038;_nc_sid=f907e8&#038;_nc_ohc=jzLtLwIt3pEQ7kNvwEnLyjX&#038;_nc_oc=AdpCtqHS52ULLWejdFkxPVmCGHntvrYpMTroomHpS614drxP6lpKQPLWoYU2wXtF44s&#038;_nc_zt=24&#038;_nc_ht=scontent-hel3-1.xx&#038;edm=AKIiGfEEAAAA&#038;_nc_gid=-Vd7rvgu7TOclVehfirbDg&#038;_nc_tpa=Q5bMBQGgibYFLWwb4sn9EXqpVHc3mAfkzt8wmEXNqwmfOSIsWocBaxOSXhHJBBCRfs7QD-31bnMb6EnoCw&#038;oh=00_Af2fenBzCYHY94o4HoCuL_X0bc8W_elj0JQ3kIwIWycrRQ&#038;oe=69F77E72\" title=\"Sininen Reservi\" alt=\"Sininen Reservi\" width=40 height=40 onerror=\"this.style.display='none'\"><\/a>\n\t<\/div>\n<\/div>\n\n<div class=\"cff-post-text\" >\n\t<span class=\"cff-text\" data-color=\"\">\n\t\tSinisen Reservin ampumap\u00e4iv\u00e4t ovat my\u00f6s kilpailu ja parhaat palkitaan. Ammuntap\u00e4iv\u00e4t j\u00e4rjestet\u00e4\u00e4n yhteisty\u00f6ss\u00e4 MPK Meripuolustuspiirin kanssa. <img class=\"cff-linebreak\" \/><img class=\"cff-linebreak\" \/>Sinisen Reservin ampumap\u00e4iv\u00e4 1 | La 18.4. Upinniemi<img class=\"cff-linebreak\" \/><a href=\"https:\/\/koulutuskalenteri.mpk.fi\/Koulutuskalenteri\/Tutustu-tarkemmin\/id\/191228\" rel='nofollow noopener noreferrer'>koulutuskalenteri.mpk.fi\/Koulutuskalenteri\/Tutustu-tarkemmin\/id\/191228<\/a><img class=\"cff-linebreak\" \/><img class=\"cff-linebreak\" \/>Sinisen Reservin ampumap\u00e4iv\u00e4 2 | La 16.5. Upinniemi<img class=\"cff-linebreak\" \/><a href=\"https:\/\/koulutuskalenteri.mpk.fi\/Koulutuskalenteri\/Tutustu-tarkemmin\/id\/191229\" rel='nofollow noopener noreferrer'>koulutuskalenteri.mpk.fi\/Koulutuskalenteri\/Tutustu-tarkemmin\/id\/191229<\/a><img class=\"cff-linebreak\" \/><img class=\"cff-linebreak\" \/>Sinisen Reservin ampumap\u00e4iv\u00e4 3 | La 15.8. Upinniemi<img class=\"cff-linebreak\" \/>Sinisen Reservin ampumap\u00e4iv\u00e4 4 | La 5.9. Raasi, P\u00f6yty\u00e4<img class=\"cff-linebreak\" \/>Sinisen Reservin ampumap\u00e4iv\u00e4 5 | La 12.9. Upinniemi<img class=\"cff-linebreak\" \/>Ilmoittautuminen avataan my\u00f6hemmin. Laita ne silti jo kalenteriin!\t\t\t<\/span>\n\t<span class=\"cff-expand\">... <a href=\"#\" style=\"color: #\"><span class=\"cff-more\">See More<\/span><span class=\"cff-less\">See Less<\/span><\/a><\/span>\n\n<\/div>\n\n<p class=\"cff-media-link\">\n\t<a href=\"https:\/\/www.facebook.com\/photo.php?fbid=1350586193770115&#038;set=a.552536886908387&#038;type=3\" target=\"_blank\" style=\"color: #\">\n\t\t<span style=\"padding-right: 5px;\" class=\"fa fas fa-picture-o fa-image\"><\/span>Photo\t<\/a>\n<\/p>\n\t\t<div class=\"cff-post-links\">\n\t\t\t\t\t<a class=\"cff-viewpost-facebook\" href=\"https:\/\/www.facebook.com\/photo.php?fbid=1350586193770115&#038;set=a.552536886908387&#038;type=3\" title=\"View on Facebook\" target=\"_blank\" rel=\"nofollow noopener\" >View on Facebook<\/a>\n\t\t\t\t\t\t\t<div class=\"cff-share-container\">\n\t\t\t\t\t\t\t\t\t<span class=\"cff-dot\" >&middot;<\/span>\n\t\t\t\t\t\t\t\t<a class=\"cff-share-link\" href=\"https:\/\/www.facebook.com\/sharer\/sharer.php?u=https%3A%2F%2Fwww.facebook.com%2Fphoto.php%3Ffbid%3D1350586193770115%26amp%3Bset%3Da.552536886908387%26amp%3Btype%3D3\" title=\"Share\" >Share<\/a>\n\t\t\t\t<p class=\"cff-share-tooltip\">\n\t\t\t\t\t\t\t\t\t\t\t<a href=\"https:\/\/www.facebook.com\/sharer\/sharer.php?u=https%3A%2F%2Fwww.facebook.com%2Fphoto.php%3Ffbid%3D1350586193770115%26amp%3Bset%3Da.552536886908387%26amp%3Btype%3D3\" target=\"_blank\" rel=\"noopener noreferrer\" class=\"cff-facebook-icon\">\n\t\t\t\t\t\t\t<span class=\"fa fab fa-facebook-square\" aria-hidden=\"true\"><\/span>\n\t\t\t\t\t\t\t<span class=\"cff-screenreader\">Share on Facebook<\/span>\n\t\t\t\t\t\t<\/a>\n\t\t\t\t\t\t\t\t\t\t\t<a href=\"https:\/\/twitter.com\/intent\/tweet?text=https%3A%2F%2Fwww.facebook.com%2Fphoto.php%3Ffbid%3D1350586193770115%26amp%3Bset%3Da.552536886908387%26amp%3Btype%3D3\" target=\"_blank\" rel=\"noopener noreferrer\" class=\"cff-twitter-icon\">\n\t\t\t\t\t\t\t<span class=\"fa fab fa-twitter\" aria-hidden=\"true\"><\/span>\n\t\t\t\t\t\t\t<span class=\"cff-screenreader\">Share on Twitter<\/span>\n\t\t\t\t\t\t<\/a>\n\t\t\t\t\t\t\t\t\t\t\t<a href=\"https:\/\/www.linkedin.com\/shareArticle?mini=true&#038;url=https%3A%2F%2Fwww.facebook.com%2Fphoto.php%3Ffbid%3D1350586193770115%26amp%3Bset%3Da.552536886908387%26amp%3Btype%3D3&#038;title=%09%09%09Sinisen%20Reservin%20ampumap%C3%A4iv%C3%A4t%20ovat%20my%C3%B6s%20kilpailu%20ja%20parhaat%20palkitaan.%20Ammuntap%C3%A4iv%C3%A4t%20j%C3%A4rjestet%C3%A4%C3%A4n%20yhteisty%C3%B6ss%C3%A4%20MPK%20Meripuolustuspiirin%20kanssa.%20Sinisen%20Reservin%20ampumap%C3%A4iv%C3%A4%201%20%7C%20La%2018.4.%20Upinniemikoulutuskalenteri.mpk.fi%2FKoulutuskalenteri%2FTutustu-tarkemmin%2Fid%2F191228Sinisen%20Reservin%20ampumap%C3%A4iv%C3%A4%202%20%7C%20La%2016.5.%20Upinniemikoulutuskalenteri.mpk.fi%2FKoulutuskalenteri%2FTutustu-tarkemmin%2Fid%2F191229Sinisen%20Reservin%20ampumap%C3%A4iv%C3%A4%203%20%7C%20La%2015.8.%20UpinniemiSinisen%20Reservin%20ampumap%C3%A4iv%C3%A4%204%20%7C%20La%205.9.%20Raasi%2C%20P%C3%B6yty%C3%A4Sinisen%20Reservin%20ampumap%C3%A4iv%C3%A4%205%20%7C%20La%2012.9.%20UpinniemiIlmoittautuminen%20avataan%20my%C3%B6hemmin.%20Laita%20ne%20silti%20jo%20kalenteriin%21%09%09%09%09\" target=\"_blank\" rel=\"noopener noreferrer\" class=\"cff-linkedin-icon\">\n\t\t\t\t\t\t\t<span class=\"fa fab fa-linkedin\" aria-hidden=\"true\"><\/span>\n\t\t\t\t\t\t\t<span class=\"cff-screenreader\">Share on Linked In<\/span>\n\t\t\t\t\t\t<\/a>\n\t\t\t\t\t\t\t\t\t\t\t<a href=\"mailto:?subject=Facebook&#038;body=https%3A%2F%2Fwww.facebook.com%2Fphoto.php%3Ffbid%3D1350586193770115%26amp%3Bset%3Da.552536886908387%26amp%3Btype%3D3%20-%20%0A%0A%09%0A%09%09Sinisen%20Reservin%20ampumap%C3%A4iv%C3%A4t%20ovat%20my%C3%B6s%20kilpailu%20ja%20parhaat%20palkitaan.%20Ammuntap%C3%A4iv%C3%A4t%20j%C3%A4rjestet%C3%A4%C3%A4n%20yhteisty%C3%B6ss%C3%A4%20MPK%20Meripuolustuspiirin%20kanssa.%20Sinisen%20Reservin%20ampumap%C3%A4iv%C3%A4%201%20%7C%20La%2018.4.%20Upinniemikoulutuskalenteri.mpk.fi%2FKoulutuskalenteri%2FTutustu-tarkemmin%2Fid%2F191228Sinisen%20Reservin%20ampumap%C3%A4iv%C3%A4%202%20%7C%20La%2016.5.%20Upinniemikoulutuskalenteri.mpk.fi%2FKoulutuskalenteri%2FTutustu-tarkemmin%2Fid%2F191229Sinisen%20Reservin%20ampumap%C3%A4iv%C3%A4%203%20%7C%20La%2015.8.%20UpinniemiSinisen%20Reservin%20ampumap%C3%A4iv%C3%A4%204%20%7C%20La%205.9.%20Raasi%2C%20P%C3%B6yty%C3%A4Sinisen%20Reservin%20ampumap%C3%A4iv%C3%A4%205%20%7C%20La%2012.9.%20UpinniemiIlmoittautuminen%20avataan%20my%C3%B6hemmin.%20Laita%20ne%20silti%20jo%20kalenteriin%21%09%09%09%0A%09\" target=\"_blank\" rel=\"noopener noreferrer\" class=\"cff-email-icon\">\n\t\t\t\t\t\t\t<span class=\"fa fab fa-envelope\" aria-hidden=\"true\"><\/span>\n\t\t\t\t\t\t\t<span class=\"cff-screenreader\">Share by Email<\/span>\n\t\t\t\t\t\t<\/a>\n\t\t\t\t\t\t\t\t\t<\/p>\n\t\t\t<\/div>\n\t\t\t<\/div>\n\t<\/div>\n\n\n\n<div id=\"cff_607769019253995_1348374153991319\" class=\"cff-item cff-photo-post author-sininen-reservi\"  style=\"border-bottom: 1px solid #ddd;\">\n\t<div class=\"cff-author\">\n\t<div class=\"cff-author-text\">\n\t\t\t\t\t<div class=\"cff-page-name cff-author-date\" >\n\t\t\t\t<a href=\"https:\/\/facebook.com\/607769019253995\" target=\"_blank\" rel=\"nofollow noopener\" >Sininen Reservi<\/a>\n\t\t\t\t<span class=\"cff-story\"> <\/span>\n\t\t\t<\/div>\n\t\t\t\n<p class=\"cff-date\" > 1 month ago <\/p>\n\t\t\t<\/div>\n\t<div class=\"cff-author-img \" data-avatar=\"https:\/\/scontent-hel3-1.xx.fbcdn.net\/v\/t39.30808-1\/458733025_917803143715091_3381924800156186330_n.jpg?stp=cp0_dst-jpg_s50x50_tt6&#038;_nc_cat=106&#038;ccb=1-7&#038;_nc_sid=f907e8&#038;_nc_ohc=jzLtLwIt3pEQ7kNvwEnLyjX&#038;_nc_oc=AdpCtqHS52ULLWejdFkxPVmCGHntvrYpMTroomHpS614drxP6lpKQPLWoYU2wXtF44s&#038;_nc_zt=24&#038;_nc_ht=scontent-hel3-1.xx&#038;edm=AKIiGfEEAAAA&#038;_nc_gid=-Vd7rvgu7TOclVehfirbDg&#038;_nc_tpa=Q5bMBQGgibYFLWwb4sn9EXqpVHc3mAfkzt8wmEXNqwmfOSIsWocBaxOSXhHJBBCRfs7QD-31bnMb6EnoCw&#038;oh=00_Af2fenBzCYHY94o4HoCuL_X0bc8W_elj0JQ3kIwIWycrRQ&#038;oe=69F77E72\">\n\t\t<a href=\"https:\/\/facebook.com\/607769019253995\" target=\"_blank\" rel=\"nofollow noopener\" ><img src=\"https:\/\/scontent-hel3-1.xx.fbcdn.net\/v\/t39.30808-1\/458733025_917803143715091_3381924800156186330_n.jpg?stp=cp0_dst-jpg_s50x50_tt6&#038;_nc_cat=106&#038;ccb=1-7&#038;_nc_sid=f907e8&#038;_nc_ohc=jzLtLwIt3pEQ7kNvwEnLyjX&#038;_nc_oc=AdpCtqHS52ULLWejdFkxPVmCGHntvrYpMTroomHpS614drxP6lpKQPLWoYU2wXtF44s&#038;_nc_zt=24&#038;_nc_ht=scontent-hel3-1.xx&#038;edm=AKIiGfEEAAAA&#038;_nc_gid=-Vd7rvgu7TOclVehfirbDg&#038;_nc_tpa=Q5bMBQGgibYFLWwb4sn9EXqpVHc3mAfkzt8wmEXNqwmfOSIsWocBaxOSXhHJBBCRfs7QD-31bnMb6EnoCw&#038;oh=00_Af2fenBzCYHY94o4HoCuL_X0bc8W_elj0JQ3kIwIWycrRQ&#038;oe=69F77E72\" title=\"Sininen Reservi\" alt=\"Sininen Reservi\" width=40 height=40 onerror=\"this.style.display='none'\"><\/a>\n\t<\/div>\n<\/div>\n\n<div class=\"cff-post-text\" >\n\t<span class=\"cff-text\" data-color=\"\">\n\t\tOsana MPK Meriharakka 2026 Meripuolutuspiirin viikonlopun koulutuksia vedimme M Nyberghin kanssa J\u00e4ist\u00e4pelastautumiskurssia innokkaille osallistujille. S\u00e4\u00e4 suosii ja l\u00f6ytyih\u00e4n merelt\u00e4 heikkoja j\u00e4it\u00e4 mihin oli ilo vajota\t\t\t<\/span>\n\t<span class=\"cff-expand\">... <a href=\"#\" style=\"color: #\"><span class=\"cff-more\">See More<\/span><span class=\"cff-less\">See Less<\/span><\/a><\/span>\n\n<\/div>\n\n<p class=\"cff-media-link\">\n\t<a href=\"https:\/\/www.facebook.com\/photo.php?fbid=1348373637324704&#038;set=a.552536870241722&#038;type=3\" target=\"_blank\" style=\"color: #\">\n\t\t<span style=\"padding-right: 5px;\" class=\"fa fas fa-picture-o fa-image\"><\/span>Photo\t<\/a>\n<\/p>\n\t\t<div class=\"cff-post-links\">\n\t\t\t\t\t<a class=\"cff-viewpost-facebook\" href=\"https:\/\/www.facebook.com\/photo.php?fbid=1348373637324704&#038;set=a.552536870241722&#038;type=3\" title=\"View on Facebook\" target=\"_blank\" rel=\"nofollow noopener\" >View on Facebook<\/a>\n\t\t\t\t\t\t\t<div class=\"cff-share-container\">\n\t\t\t\t\t\t\t\t\t<span class=\"cff-dot\" >&middot;<\/span>\n\t\t\t\t\t\t\t\t<a class=\"cff-share-link\" href=\"https:\/\/www.facebook.com\/sharer\/sharer.php?u=https%3A%2F%2Fwww.facebook.com%2Fphoto.php%3Ffbid%3D1348373637324704%26amp%3Bset%3Da.552536870241722%26amp%3Btype%3D3\" title=\"Share\" >Share<\/a>\n\t\t\t\t<p class=\"cff-share-tooltip\">\n\t\t\t\t\t\t\t\t\t\t\t<a href=\"https:\/\/www.facebook.com\/sharer\/sharer.php?u=https%3A%2F%2Fwww.facebook.com%2Fphoto.php%3Ffbid%3D1348373637324704%26amp%3Bset%3Da.552536870241722%26amp%3Btype%3D3\" target=\"_blank\" rel=\"noopener noreferrer\" class=\"cff-facebook-icon\">\n\t\t\t\t\t\t\t<span class=\"fa fab fa-facebook-square\" aria-hidden=\"true\"><\/span>\n\t\t\t\t\t\t\t<span class=\"cff-screenreader\">Share on Facebook<\/span>\n\t\t\t\t\t\t<\/a>\n\t\t\t\t\t\t\t\t\t\t\t<a href=\"https:\/\/twitter.com\/intent\/tweet?text=https%3A%2F%2Fwww.facebook.com%2Fphoto.php%3Ffbid%3D1348373637324704%26amp%3Bset%3Da.552536870241722%26amp%3Btype%3D3\" target=\"_blank\" rel=\"noopener noreferrer\" class=\"cff-twitter-icon\">\n\t\t\t\t\t\t\t<span class=\"fa fab fa-twitter\" aria-hidden=\"true\"><\/span>\n\t\t\t\t\t\t\t<span class=\"cff-screenreader\">Share on Twitter<\/span>\n\t\t\t\t\t\t<\/a>\n\t\t\t\t\t\t\t\t\t\t\t<a href=\"https:\/\/www.linkedin.com\/shareArticle?mini=true&#038;url=https%3A%2F%2Fwww.facebook.com%2Fphoto.php%3Ffbid%3D1348373637324704%26amp%3Bset%3Da.552536870241722%26amp%3Btype%3D3&#038;title=%09%09%09Osana%20MPK%20Meriharakka%202026%20Meripuolutuspiirin%20viikonlopun%20koulutuksia%20vedimme%20M%20Nyberghin%20kanssa%20J%C3%A4ist%C3%A4pelastautumiskurssia%20innokkaille%20osallistujille.%20S%C3%A4%C3%A4%20suosii%20ja%20l%C3%B6ytyih%C3%A4n%20merelt%C3%A4%20heikkoja%20j%C3%A4it%C3%A4%20mihin%20oli%20ilo%20vajota%09%09%09%09\" target=\"_blank\" rel=\"noopener noreferrer\" class=\"cff-linkedin-icon\">\n\t\t\t\t\t\t\t<span class=\"fa fab fa-linkedin\" aria-hidden=\"true\"><\/span>\n\t\t\t\t\t\t\t<span class=\"cff-screenreader\">Share on Linked In<\/span>\n\t\t\t\t\t\t<\/a>\n\t\t\t\t\t\t\t\t\t\t\t<a href=\"mailto:?subject=Facebook&#038;body=https%3A%2F%2Fwww.facebook.com%2Fphoto.php%3Ffbid%3D1348373637324704%26amp%3Bset%3Da.552536870241722%26amp%3Btype%3D3%20-%20%0A%0A%09%0A%09%09Osana%20MPK%20Meriharakka%202026%20Meripuolutuspiirin%20viikonlopun%20koulutuksia%20vedimme%20M%20Nyberghin%20kanssa%20J%C3%A4ist%C3%A4pelastautumiskurssia%20innokkaille%20osallistujille.%20S%C3%A4%C3%A4%20suosii%20ja%20l%C3%B6ytyih%C3%A4n%20merelt%C3%A4%20heikkoja%20j%C3%A4it%C3%A4%20mihin%20oli%20ilo%20vajota%09%09%09%0A%09\" target=\"_blank\" rel=\"noopener noreferrer\" class=\"cff-email-icon\">\n\t\t\t\t\t\t\t<span class=\"fa fab fa-envelope\" aria-hidden=\"true\"><\/span>\n\t\t\t\t\t\t\t<span class=\"cff-screenreader\">Share by Email<\/span>\n\t\t\t\t\t\t<\/a>\n\t\t\t\t\t\t\t\t\t<\/p>\n\t\t\t<\/div>\n\t\t\t<\/div>\n\t<\/div>\n\n\n\n<div id=\"cff_607769019253995_1343464021148999\" class=\"cff-item cff-photo-post author-sininen-reservi\"  style=\"border-bottom: 1px solid #ddd;\">\n\t<div class=\"cff-author\">\n\t<div class=\"cff-author-text\">\n\t\t\t\t\t<div class=\"cff-page-name cff-author-date\" >\n\t\t\t\t<a href=\"https:\/\/facebook.com\/607769019253995\" target=\"_blank\" rel=\"nofollow noopener\" >Sininen Reservi<\/a>\n\t\t\t\t<span class=\"cff-story\"> <\/span>\n\t\t\t<\/div>\n\t\t\t\n<p class=\"cff-date\" > 2 months ago <\/p>\n\t\t\t<\/div>\n\t<div class=\"cff-author-img \" data-avatar=\"https:\/\/scontent-hel3-1.xx.fbcdn.net\/v\/t39.30808-1\/458733025_917803143715091_3381924800156186330_n.jpg?stp=cp0_dst-jpg_s50x50_tt6&#038;_nc_cat=106&#038;ccb=1-7&#038;_nc_sid=f907e8&#038;_nc_ohc=jzLtLwIt3pEQ7kNvwEnLyjX&#038;_nc_oc=AdpCtqHS52ULLWejdFkxPVmCGHntvrYpMTroomHpS614drxP6lpKQPLWoYU2wXtF44s&#038;_nc_zt=24&#038;_nc_ht=scontent-hel3-1.xx&#038;edm=AKIiGfEEAAAA&#038;_nc_gid=-Vd7rvgu7TOclVehfirbDg&#038;_nc_tpa=Q5bMBQGgibYFLWwb4sn9EXqpVHc3mAfkzt8wmEXNqwmfOSIsWocBaxOSXhHJBBCRfs7QD-31bnMb6EnoCw&#038;oh=00_Af2fenBzCYHY94o4HoCuL_X0bc8W_elj0JQ3kIwIWycrRQ&#038;oe=69F77E72\">\n\t\t<a href=\"https:\/\/facebook.com\/607769019253995\" target=\"_blank\" rel=\"nofollow noopener\" ><img src=\"https:\/\/scontent-hel3-1.xx.fbcdn.net\/v\/t39.30808-1\/458733025_917803143715091_3381924800156186330_n.jpg?stp=cp0_dst-jpg_s50x50_tt6&#038;_nc_cat=106&#038;ccb=1-7&#038;_nc_sid=f907e8&#038;_nc_ohc=jzLtLwIt3pEQ7kNvwEnLyjX&#038;_nc_oc=AdpCtqHS52ULLWejdFkxPVmCGHntvrYpMTroomHpS614drxP6lpKQPLWoYU2wXtF44s&#038;_nc_zt=24&#038;_nc_ht=scontent-hel3-1.xx&#038;edm=AKIiGfEEAAAA&#038;_nc_gid=-Vd7rvgu7TOclVehfirbDg&#038;_nc_tpa=Q5bMBQGgibYFLWwb4sn9EXqpVHc3mAfkzt8wmEXNqwmfOSIsWocBaxOSXhHJBBCRfs7QD-31bnMb6EnoCw&#038;oh=00_Af2fenBzCYHY94o4HoCuL_X0bc8W_elj0JQ3kIwIWycrRQ&#038;oe=69F77E72\" title=\"Sininen Reservi\" alt=\"Sininen Reservi\" width=40 height=40 onerror=\"this.style.display='none'\"><\/a>\n\t<\/div>\n<\/div>\n\n<div class=\"cff-post-text\" >\n\t<span class=\"cff-text\" data-color=\"\">\n\t\tSininen Reservi ry toivottaa hyv\u00e4\u00e4 naistenp\u00e4iv\u00e4\u00e4 kaikille!\t\t\t<\/span>\n\t<span class=\"cff-expand\">... <a href=\"#\" style=\"color: #\"><span class=\"cff-more\">See More<\/span><span class=\"cff-less\">See Less<\/span><\/a><\/span>\n\n<\/div>\n\n<p class=\"cff-media-link\">\n\t<a href=\"https:\/\/www.facebook.com\/photo.php?fbid=1343463997815668&#038;set=a.552536870241722&#038;type=3\" target=\"_blank\" style=\"color: #\">\n\t\t<span style=\"padding-right: 5px;\" class=\"fa fas fa-picture-o fa-image\"><\/span>Photo\t<\/a>\n<\/p>\n\t\t<div class=\"cff-post-links\">\n\t\t\t\t\t<a class=\"cff-viewpost-facebook\" href=\"https:\/\/www.facebook.com\/photo.php?fbid=1343463997815668&#038;set=a.552536870241722&#038;type=3\" title=\"View on Facebook\" target=\"_blank\" rel=\"nofollow noopener\" >View on Facebook<\/a>\n\t\t\t\t\t\t\t<div class=\"cff-share-container\">\n\t\t\t\t\t\t\t\t\t<span class=\"cff-dot\" >&middot;<\/span>\n\t\t\t\t\t\t\t\t<a class=\"cff-share-link\" href=\"https:\/\/www.facebook.com\/sharer\/sharer.php?u=https%3A%2F%2Fwww.facebook.com%2Fphoto.php%3Ffbid%3D1343463997815668%26amp%3Bset%3Da.552536870241722%26amp%3Btype%3D3\" title=\"Share\" >Share<\/a>\n\t\t\t\t<p class=\"cff-share-tooltip\">\n\t\t\t\t\t\t\t\t\t\t\t<a href=\"https:\/\/www.facebook.com\/sharer\/sharer.php?u=https%3A%2F%2Fwww.facebook.com%2Fphoto.php%3Ffbid%3D1343463997815668%26amp%3Bset%3Da.552536870241722%26amp%3Btype%3D3\" target=\"_blank\" rel=\"noopener noreferrer\" class=\"cff-facebook-icon\">\n\t\t\t\t\t\t\t<span class=\"fa fab fa-facebook-square\" aria-hidden=\"true\"><\/span>\n\t\t\t\t\t\t\t<span class=\"cff-screenreader\">Share on Facebook<\/span>\n\t\t\t\t\t\t<\/a>\n\t\t\t\t\t\t\t\t\t\t\t<a href=\"https:\/\/twitter.com\/intent\/tweet?text=https%3A%2F%2Fwww.facebook.com%2Fphoto.php%3Ffbid%3D1343463997815668%26amp%3Bset%3Da.552536870241722%26amp%3Btype%3D3\" target=\"_blank\" rel=\"noopener noreferrer\" class=\"cff-twitter-icon\">\n\t\t\t\t\t\t\t<span class=\"fa fab fa-twitter\" aria-hidden=\"true\"><\/span>\n\t\t\t\t\t\t\t<span class=\"cff-screenreader\">Share on Twitter<\/span>\n\t\t\t\t\t\t<\/a>\n\t\t\t\t\t\t\t\t\t\t\t<a href=\"https:\/\/www.linkedin.com\/shareArticle?mini=true&#038;url=https%3A%2F%2Fwww.facebook.com%2Fphoto.php%3Ffbid%3D1343463997815668%26amp%3Bset%3Da.552536870241722%26amp%3Btype%3D3&#038;title=%09%09%09Sininen%20Reservi%20ry%20toivottaa%20hyv%C3%A4%C3%A4%20naistenp%C3%A4iv%C3%A4%C3%A4%20kaikille%21%09%09%09%09\" target=\"_blank\" rel=\"noopener noreferrer\" class=\"cff-linkedin-icon\">\n\t\t\t\t\t\t\t<span class=\"fa fab fa-linkedin\" aria-hidden=\"true\"><\/span>\n\t\t\t\t\t\t\t<span class=\"cff-screenreader\">Share on Linked In<\/span>\n\t\t\t\t\t\t<\/a>\n\t\t\t\t\t\t\t\t\t\t\t<a href=\"mailto:?subject=Facebook&#038;body=https%3A%2F%2Fwww.facebook.com%2Fphoto.php%3Ffbid%3D1343463997815668%26amp%3Bset%3Da.552536870241722%26amp%3Btype%3D3%20-%20%0A%0A%09%0A%09%09Sininen%20Reservi%20ry%20toivottaa%20hyv%C3%A4%C3%A4%20naistenp%C3%A4iv%C3%A4%C3%A4%20kaikille%21%09%09%09%0A%09\" target=\"_blank\" rel=\"noopener noreferrer\" class=\"cff-email-icon\">\n\t\t\t\t\t\t\t<span class=\"fa fab fa-envelope\" aria-hidden=\"true\"><\/span>\n\t\t\t\t\t\t\t<span class=\"cff-screenreader\">Share by Email<\/span>\n\t\t\t\t\t\t<\/a>\n\t\t\t\t\t\t\t\t\t<\/p>\n\t\t\t<\/div>\n\t\t\t<\/div>\n\t<\/div>\n\n\n\n\n<div class=\"cff-likebox cff-bottom\" >\n\t\t<iframe title=\"Likebox Iframe\" src=\"\" class=\"fb_iframe_widget\" data-likebox-id=\"607769019253995\" data-likebox-width=\"300\" data-likebox-header=\"1\" data-hide-cover=\"\" data-hide-cta=\"\" data-likebox-faces=\"\" data-height=\"70\" data-locale=\"en_US\" scrolling=\"no\" allowTransparency=\"true\" allow=\"encrypted-media\" ><\/iframe>\n<\/div>\n<\/div><input class=\"cff-pag-url\" type=\"hidden\" data-locatornonce=\"61e25e1d3b\" data-cff-shortcode=\"\" data-post-id=\"703\" data-feed-id=\"607769019253995\"><\/div><\/div><div class=\"cff-clear\"><\/div><\/div>[\/et_pb_text][\/et_pb_column][et_pb_column type=&#8221;1_3&#8243; _builder_version=&#8221;4.16&#8243; custom_padding=&#8221;|||&#8221; global_colors_info=&#8221;{}&#8221; custom_padding__hover=&#8221;|||&#8221;][et_pb_text admin_label=&#8221;Aktuellt&#8221; module_class=&#8221;blue_h4&#8243; _builder_version=&#8221;4.16&#8243; background_size=&#8221;initial&#8221; background_position=&#8221;top_left&#8221; background_repeat=&#8221;repeat&#8221; use_border_color=&#8221;off&#8221; border_color=&#8221;#ffffff&#8221; border_style=&#8221;solid&#8221; global_colors_info=&#8221;{}&#8221;]<\/p>\n<h4>Aktuellt<\/h4>\n<p>&nbsp;<br \/>\n[\/et_pb_text][et_pb_blog posts_number=&#8221;2&#8243; show_author=&#8221;off&#8221; show_comments=&#8221;on&#8221; show_pagination=&#8221;off&#8221; admin_label=&#8221;Blogi&#8221; _builder_version=&#8221;4.16&#8243; header_letter_spacing=&#8221;0&#8243; header_line_height=&#8221;1&#8243; body_letter_spacing=&#8221;0&#8243; body_line_height=&#8221;1.7&#8243; meta_letter_spacing=&#8221;0&#8243; meta_line_height=&#8221;1.7&#8243; use_border_color=&#8221;off&#8221; border_color=&#8221;#ffffff&#8221; border_width=&#8221;1&#8243; border_style=&#8221;solid&#8221; use_dropshadow=&#8221;off&#8221; global_colors_info=&#8221;{}&#8221;][\/et_pb_blog][et_pb_text admin_label=&#8221;Kom med&#8221; module_class=&#8221;blue_h4&#8243; _builder_version=&#8221;4.16&#8243; background_size=&#8221;initial&#8221; background_position=&#8221;top_left&#8221; background_repeat=&#8221;repeat&#8221; use_border_color=&#8221;off&#8221; border_color=&#8221;#ffffff&#8221; border_style=&#8221;solid&#8221; global_colors_info=&#8221;{}&#8221;]<\/p>\n<h4>Kom med i verksamheten!<\/h4>\n<p>Du kan l\u00e4tt ansluta dig till v\u00e5r marina verksamhet genom att fylla dina kontaktuppgifter i blanketten som \u00f6ppnar med knappen nedan. Vi ska kontakta dig och hj\u00e4lpa att hitta en l\u00e4mplig medlemsf\u00f6rening. V\u00e4lkommen!<\/p>\n<p>[\/et_pb_text][et_pb_image src=&#8221;https:\/\/www.sininenreservi.fi\/wp-content\/uploads\/2015\/02\/170316_sininen_reservi_button_v2-sv.png&#8221; alt=&#8221;Kom med i verksamheten!&#8221; url=&#8221;https:\/\/www.sininenreservi.fi\/mukaan-toimintaan\/&#8221; align_tablet=&#8221;center&#8221; align_phone=&#8221;&#8221; align_last_edited=&#8221;on|desktop&#8221; admin_label=&#8221;Sininen Nappi (SV)&#8221; _builder_version=&#8221;4.16&#8243; animation=&#8221;off&#8221; sticky=&#8221;off&#8221; use_border_color=&#8221;off&#8221; border_color=&#8221;#ffffff&#8221; border_style=&#8221;solid&#8221; always_center_on_mobile=&#8221;on&#8221; global_colors_info=&#8221;{}&#8221;][\/et_pb_image][\/et_pb_column][\/et_pb_row][\/et_pb_section]<\/p>\n","protected":false},"excerpt":{"rendered":"<p>Marinreserven rf \u00e4r en riksomfattande takorganisation f\u00f6r det frivilliga sj\u00f6f\u00f6rsvaret. V\u00e5rt verksamhetsomr\u00e5de str\u00e4cker sig fr\u00e5n Syd\u00f6stra Finland till Bottenviken samt till Birkaland och \u00c5land. Vi utvecklar prestationsf\u00f6rm\u00e5gan inom sj\u00f6f\u00f6rsvarets reserv genom att st\u00f6dja frivillig f\u00f6rsvarsutbildning, h\u00f6ja f\u00f6rsvarsviljan och fr\u00e4mja samarbetet mellan v\u00e5ra medlemsf\u00f6reningar.L\u00e4s mera \u00bbMarinreserven rf:s huvuduppgift \u00e4r att fr\u00e4mja samarbetet mellan sina medlemsf\u00f6reningar och [&hellip;]<\/p>\n","protected":false},"author":1,"featured_media":0,"parent":0,"menu_order":0,"comment_status":"open","ping_status":"open","template":"","meta":{"_et_pb_use_builder":"on","_et_pb_old_content":"<p>etusivu<\/p>","_et_gb_content_width":"","_exactmetrics_skip_tracking":false,"_exactmetrics_sitenote_active":false,"_exactmetrics_sitenote_note":"","_exactmetrics_sitenote_category":0,"footnotes":""},"class_list":["post-703","page","type-page","status-publish","hentry"],"_links":{"self":[{"href":"https:\/\/www.sininenreservi.fi\/sv\/wp-json\/wp\/v2\/pages\/703","targetHints":{"allow":["GET"]}}],"collection":[{"href":"https:\/\/www.sininenreservi.fi\/sv\/wp-json\/wp\/v2\/pages"}],"about":[{"href":"https:\/\/www.sininenreservi.fi\/sv\/wp-json\/wp\/v2\/types\/page"}],"author":[{"embeddable":true,"href":"https:\/\/www.sininenreservi.fi\/sv\/wp-json\/wp\/v2\/users\/1"}],"replies":[{"embeddable":true,"href":"https:\/\/www.sininenreservi.fi\/sv\/wp-json\/wp\/v2\/comments?post=703"}],"version-history":[{"count":42,"href":"https:\/\/www.sininenreservi.fi\/sv\/wp-json\/wp\/v2\/pages\/703\/revisions"}],"predecessor-version":[{"id":3560,"href":"https:\/\/www.sininenreservi.fi\/sv\/wp-json\/wp\/v2\/pages\/703\/revisions\/3560"}],"wp:attachment":[{"href":"https:\/\/www.sininenreservi.fi\/sv\/wp-json\/wp\/v2\/media?parent=703"}],"curies":[{"name":"wp","href":"https:\/\/api.w.org\/{rel}","templated":true}]}}