{"id":1057,"date":"2015-03-31T14:45:50","date_gmt":"2015-03-31T11:45:50","guid":{"rendered":"http:\/\/www.sininenreservi.fi\/sv\/understodare\/rannikkotykistosaatio\/"},"modified":"2021-12-27T09:44:14","modified_gmt":"2021-12-27T07:44:14","slug":"kustartilleristiftelsen","status":"publish","type":"page","link":"https:\/\/www.sininenreservi.fi\/sv\/samarbetspartner\/kustartilleristiftelsen\/","title":{"rendered":"Kustartilleristiftelsen"},"content":{"rendered":"<p>[et_pb_section fb_built=&#8221;1&#8243; fullwidth=&#8221;on&#8221; admin_label=&#8221;section&#8221; _builder_version=&#8221;3.22&#8243; global_colors_info=&#8221;{}&#8221;][et_pb_fullwidth_slider admin_label=&#8221;Fullwidth Slider&#8221; _builder_version=&#8221;3.16&#8243; custom_padding=&#8221;|||&#8221; custom_padding_tablet=&#8221;|||&#8221; custom_padding_phone=&#8221;|||&#8221; box_shadow_style=&#8221;preset6&#8243; box_shadow_blur=&#8221;10px&#8221; box_shadow_color=&#8221;rgba(0,0,0,0.1)&#8221; show_inner_shadow=&#8221;on&#8221; global_colors_info=&#8221;{}&#8221; button_text_size__hover_enabled=&#8221;off&#8221; button_one_text_size__hover_enabled=&#8221;off&#8221; button_two_text_size__hover_enabled=&#8221;off&#8221; button_text_color__hover_enabled=&#8221;off&#8221; button_one_text_color__hover_enabled=&#8221;off&#8221; button_two_text_color__hover_enabled=&#8221;off&#8221; button_border_width__hover_enabled=&#8221;off&#8221; button_one_border_width__hover_enabled=&#8221;off&#8221; button_two_border_width__hover_enabled=&#8221;off&#8221; button_border_color__hover_enabled=&#8221;off&#8221; button_one_border_color__hover_enabled=&#8221;off&#8221; button_two_border_color__hover_enabled=&#8221;off&#8221; button_border_radius__hover_enabled=&#8221;off&#8221; button_one_border_radius__hover_enabled=&#8221;off&#8221; button_two_border_radius__hover_enabled=&#8221;off&#8221; button_letter_spacing__hover_enabled=&#8221;off&#8221; button_one_letter_spacing__hover_enabled=&#8221;off&#8221; button_two_letter_spacing__hover_enabled=&#8221;off&#8221; button_bg_color__hover_enabled=&#8221;off&#8221; button_one_bg_color__hover_enabled=&#8221;off&#8221; button_two_bg_color__hover_enabled=&#8221;off&#8221;][et_pb_slide _builder_version=&#8221;3.16&#8243; background_color=&#8221;#ffffff&#8221; background_image=&#8221;http:\/\/www.sininenreservi.fi\/wp-content\/uploads\/2015\/03\/rt-saatio-1200&#215;440.jpg&#8221; global_colors_info=&#8221;{}&#8221; button_text_size__hover_enabled=&#8221;off&#8221; button_one_text_size__hover_enabled=&#8221;off&#8221; button_two_text_size__hover_enabled=&#8221;off&#8221; button_text_color__hover_enabled=&#8221;off&#8221; button_one_text_color__hover_enabled=&#8221;off&#8221; button_two_text_color__hover_enabled=&#8221;off&#8221; button_border_width__hover_enabled=&#8221;off&#8221; button_one_border_width__hover_enabled=&#8221;off&#8221; button_two_border_width__hover_enabled=&#8221;off&#8221; button_border_color__hover_enabled=&#8221;off&#8221; button_one_border_color__hover_enabled=&#8221;off&#8221; button_two_border_color__hover_enabled=&#8221;off&#8221; button_border_radius__hover_enabled=&#8221;off&#8221; button_one_border_radius__hover_enabled=&#8221;off&#8221; button_two_border_radius__hover_enabled=&#8221;off&#8221; button_letter_spacing__hover_enabled=&#8221;off&#8221; button_one_letter_spacing__hover_enabled=&#8221;off&#8221; button_two_letter_spacing__hover_enabled=&#8221;off&#8221; button_bg_color__hover_enabled=&#8221;off&#8221; button_one_bg_color__hover_enabled=&#8221;off&#8221; button_two_bg_color__hover_enabled=&#8221;off&#8221; sticky_transition=&#8221;on&#8221;][\/et_pb_slide][\/et_pb_fullwidth_slider][\/et_pb_section][et_pb_section fb_built=&#8221;1&#8243; specialty=&#8221;on&#8221; admin_label=&#8221;section&#8221; _builder_version=&#8221;3.22&#8243; global_colors_info=&#8221;{}&#8221;][et_pb_column type=&#8221;3_4&#8243; specialty_columns=&#8221;3&#8243; _builder_version=&#8221;3.25&#8243; custom_padding=&#8221;|||&#8221; global_colors_info=&#8221;{}&#8221; custom_padding__hover=&#8221;|||&#8221;][et_pb_row_inner _builder_version=&#8221;3.25&#8243; global_colors_info=&#8221;{}&#8221;][et_pb_column_inner saved_specialty_column_type=&#8221;3_4&#8243; _builder_version=&#8221;3.25&#8243; custom_padding=&#8221;|||&#8221; global_colors_info=&#8221;{}&#8221; custom_padding__hover=&#8221;|||&#8221;][et_pb_text admin_label=&#8221;Otsikko&#8221; _builder_version=&#8221;3.27.4&#8243; background_size=&#8221;initial&#8221; background_position=&#8221;top_left&#8221; background_repeat=&#8221;repeat&#8221; global_colors_info=&#8221;{}&#8221;]<\/p>\n<h1>Kustartilleristiftelsen<\/h1>\n<p>[\/et_pb_text][et_pb_text admin_label=&#8221;Text&#8221; _builder_version=&#8221;3.27.4&#8243; background_size=&#8221;initial&#8221; background_position=&#8221;top_left&#8221; background_repeat=&#8221;repeat&#8221; global_colors_info=&#8221;{}&#8221;]<img loading=\"lazy\" decoding=\"async\" class=\" wp-image-634 size-full alignright\" src=\"http:\/\/www.sininenreservi.fi\/wp-content\/uploads\/2015\/03\/rtsaatio_logo-300x324.png\" alt=\"\" width=\"300\" height=\"324\" srcset=\"https:\/\/www.sininenreservi.fi\/wp-content\/uploads\/2015\/03\/rtsaatio_logo-300x324.png 300w, https:\/\/www.sininenreservi.fi\/wp-content\/uploads\/2015\/03\/rtsaatio_logo-300x324-278x300.png 278w\" sizes=\"auto, (max-width: 300px) 100vw, 300px\" \/><\/p>\n<p>Rannikkotykist\u00f6s\u00e4\u00e4ti\u00f6 \u2013 Kustartilleristiftelsens \u00e4ndam\u00e5l \u00e4r att v\u00e4rna om kustartilleriets traditioner samt att fr\u00e4mja utvecklingsarbetet bland kuststyrkorna.<\/p>\n<p>Stiftelsen f\u00f6rverkligar sitt \u00e4ndam\u00e5l genom att premiera och st\u00f6da ekonomiskt forsknings- och utvecklingsarbete samt studier. D\u00e4rtill st\u00f6der stiftelsen ekonomiskt publikations- skolnings- upplysnings- och underh\u00e5llningsarbete samt traditionsbevarande i samband med kuststyrkorna.<\/p>\n<p>Stiftelsen premierar \u00e5rligen studerande bev\u00e4ringar och stampersonal samt st\u00f6der traditionsf\u00f6reningar och andra akt\u00f6rer inom kuststyrkorna.<\/p>\n<p>Ans\u00f6kningar om underst\u00f6d riktas till stiftelsens ombudsman f\u00f6re den 31.3 och den 31.10.<\/p>\n<p>Till ans\u00f6kan b\u00f6r alltid bifogas en m\u00f6jligast t\u00e4ckande beskrivning av det \u00f6nskade underst\u00f6det och vad man avser att anv\u00e4nda det till.<\/p>\n<p>Stiftelsen har inga medlemmar. Stiftelsens beslutande organ \u00e4r styrelsen och delegationen, vilka ansvarar f\u00f6r stiftelsens verksamhet och tillg\u00e5ngar.<br \/>\n[\/et_pb_text][\/et_pb_column_inner][\/et_pb_row_inner][et_pb_row_inner column_structure=&#8221;1_2,1_2&#8243; _builder_version=&#8221;3.25&#8243; global_colors_info=&#8221;{}&#8221;][et_pb_column_inner type=&#8221;1_2&#8243; saved_specialty_column_type=&#8221;3_4&#8243; _builder_version=&#8221;3.25&#8243; custom_padding=&#8221;|||&#8221; global_colors_info=&#8221;{}&#8221; custom_padding__hover=&#8221;|||&#8221;][et_pb_text admin_label=&#8221;Ordf\u00f6rande&#8221; _builder_version=&#8221;4.14.4&#8243; background_size=&#8221;initial&#8221; background_position=&#8221;top_left&#8221; background_repeat=&#8221;repeat&#8221; hover_enabled=&#8221;0&#8243; use_border_color=&#8221;off&#8221; border_color=&#8221;#ffffff&#8221; border_style=&#8221;solid&#8221; global_colors_info=&#8221;{}&#8221; sticky_enabled=&#8221;0&#8243;]<\/p>\n<h3>Styrelsen<\/h3>\n<h4>Styrelsens ordf\u00f6rande<\/h4>\n<p>Kommodor Juha Kilpi<\/p>\n<p>[\/et_pb_text][\/et_pb_column_inner][et_pb_column_inner type=&#8221;1_2&#8243; saved_specialty_column_type=&#8221;3_4&#8243; _builder_version=&#8221;3.25&#8243; custom_padding=&#8221;|||&#8221; global_colors_info=&#8221;{}&#8221; custom_padding__hover=&#8221;|||&#8221;][et_pb_divider show_divider=&#8221;off&#8221; disabled_on=&#8221;on|on|off&#8221; admin_label=&#8221;Divider&#8221; _builder_version=&#8221;3.23.4&#8243; height=&#8221;24px&#8221; hover_enabled=&#8221;0&#8243; global_colors_info=&#8221;{}&#8221; sticky_enabled=&#8221;0&#8243;][\/et_pb_divider][\/et_pb_column_inner][\/et_pb_row_inner][et_pb_row_inner column_structure=&#8221;1_2,1_2&#8243; _builder_version=&#8221;3.25&#8243; global_colors_info=&#8221;{}&#8221;][et_pb_column_inner type=&#8221;1_2&#8243; saved_specialty_column_type=&#8221;3_4&#8243; _builder_version=&#8221;3.25&#8243; custom_padding=&#8221;|||&#8221; global_colors_info=&#8221;{}&#8221; custom_padding__hover=&#8221;|||&#8221;][et_pb_text admin_label=&#8221;Ordinarie medlemmar&#8221; _builder_version=&#8221;4.14.4&#8243; background_size=&#8221;initial&#8221; background_position=&#8221;top_left&#8221; background_repeat=&#8221;repeat&#8221; hover_enabled=&#8221;0&#8243; use_border_color=&#8221;off&#8221; border_color=&#8221;#ffffff&#8221; border_style=&#8221;solid&#8221; global_colors_info=&#8221;{}&#8221; sticky_enabled=&#8221;0&#8243;]<\/p>\n<h4>Ordinarie medlemmar<\/h4>\n<p>Kaptenl\u00f6jtnant Jari Andersson<br \/>Kommend\u00f6r Mika Dahlbo<br \/>Viceverkst\u00e4llande direkt\u00f6r Jouni Gr\u00f6nroos<br \/>Kommodor Sakari Martimo<br \/>Verkst\u00e4llande direkt\u00f6r Kare Vartiainen<\/p>\n<p>[\/et_pb_text][\/et_pb_column_inner][et_pb_column_inner type=&#8221;1_2&#8243; saved_specialty_column_type=&#8221;3_4&#8243; _builder_version=&#8221;3.25&#8243; custom_padding=&#8221;|||&#8221; global_colors_info=&#8221;{}&#8221; custom_padding__hover=&#8221;|||&#8221;][et_pb_text admin_label=&#8221;Suppleanter&#8221; _builder_version=&#8221;4.14.4&#8243; background_size=&#8221;initial&#8221; background_position=&#8221;top_left&#8221; background_repeat=&#8221;repeat&#8221; hover_enabled=&#8221;0&#8243; use_border_color=&#8221;off&#8221; border_color=&#8221;#ffffff&#8221; border_style=&#8221;solid&#8221; global_colors_info=&#8221;{}&#8221; sticky_enabled=&#8221;0&#8243;]<\/p>\n<h4>Suppleanter<\/h4>\n<p>Verkst\u00e4llande direkt\u00f6r Jukka Lindfors<br \/>Kommend\u00f6r Juha Pallaspuro<br \/>Projektchef Jukka Toukkari<br \/>Kommend\u00f6r Jarmo Valtimo<br \/>Kaptenl\u00f6jtnant Tatu Vartiainen<br \/>Kommodor Auvo Viita-aho<br \/>Kommend\u00f6r Taneli Uosukainen<\/p>\n<p>[\/et_pb_text][\/et_pb_column_inner][\/et_pb_row_inner][et_pb_row_inner column_structure=&#8221;1_2,1_2&#8243; _builder_version=&#8221;3.25&#8243; global_colors_info=&#8221;{}&#8221;][et_pb_column_inner type=&#8221;1_2&#8243; saved_specialty_column_type=&#8221;3_4&#8243; _builder_version=&#8221;3.25&#8243; custom_padding=&#8221;|||&#8221; global_colors_info=&#8221;{}&#8221; custom_padding__hover=&#8221;|||&#8221;][et_pb_text admin_label=&#8221;Delegationens ordf\u00f6rande&#8221; _builder_version=&#8221;4.14.4&#8243; background_size=&#8221;initial&#8221; background_position=&#8221;top_left&#8221; background_repeat=&#8221;repeat&#8221; hover_enabled=&#8221;0&#8243; use_border_color=&#8221;off&#8221; border_color=&#8221;#ffffff&#8221; border_style=&#8221;solid&#8221; global_colors_info=&#8221;{}&#8221; sticky_enabled=&#8221;0&#8243;]<\/p>\n<h3>Delegationen<\/h3>\n<h4>Delegationens ordf\u00f6rande<\/h4>\n<p>Verkst\u00e4llande direkt\u00f6r Timo Kohtam\u00e4ki<\/p>\n<p>[\/et_pb_text][\/et_pb_column_inner][et_pb_column_inner type=&#8221;1_2&#8243; saved_specialty_column_type=&#8221;3_4&#8243; _builder_version=&#8221;3.25&#8243; custom_padding=&#8221;|||&#8221; global_colors_info=&#8221;{}&#8221; custom_padding__hover=&#8221;|||&#8221;][et_pb_divider show_divider=&#8221;off&#8221; disabled_on=&#8221;on|on|off&#8221; admin_label=&#8221;Divider&#8221; _builder_version=&#8221;3.23.4&#8243; height=&#8221;24px&#8221; global_colors_info=&#8221;{}&#8221;][\/et_pb_divider][et_pb_text admin_label=&#8221;Viceordf\u00f6randen&#8221; _builder_version=&#8221;4.14.4&#8243; hover_enabled=&#8221;0&#8243; use_border_color=&#8221;off&#8221; global_colors_info=&#8221;{}&#8221; sticky_enabled=&#8221;0&#8243;]<\/p>\n<h4>Viceordf\u00f6randen<\/h4>\n<p>Senior adviser Kari Tarkiainen (1. viceordf\u00f6rande)<br \/>Flottiljamiral Hanno Strang (2. viceordf\u00f6rande)<\/p>\n<p>[\/et_pb_text][\/et_pb_column_inner][\/et_pb_row_inner][et_pb_row_inner column_structure=&#8221;1_2,1_2&#8243; _builder_version=&#8221;3.25&#8243; global_colors_info=&#8221;{}&#8221;][et_pb_column_inner type=&#8221;1_2&#8243; saved_specialty_column_type=&#8221;3_4&#8243; _builder_version=&#8221;3.25&#8243; custom_padding=&#8221;|||&#8221; global_colors_info=&#8221;{}&#8221; custom_padding__hover=&#8221;|||&#8221;][et_pb_text admin_label=&#8221;Delegationens medlemmar&#8221; _builder_version=&#8221;4.14.4&#8243; hover_enabled=&#8221;0&#8243; use_border_color=&#8221;off&#8221; global_colors_info=&#8221;{}&#8221; sticky_enabled=&#8221;0&#8243;]<\/p>\n<h4>Delegationens medlemmar<\/h4>\n<p>Medicine doktor Eero Akaan-Penttil\u00e4<br \/>Viceh\u00e4radsh\u00f6vding Christer Antell<br \/>Verkst\u00e4llande direkt\u00f6r Timo Everi<br \/>Styrelseordf\u00f6rande Matti Julin<br \/>Konteramiral Timo Junttila<br \/>Verkst\u00e4llande direkt\u00f6r Tom Kaisla<br \/>Viceverkst\u00e4llande direkt\u00f6r Erkki Karmila<br \/>Brigadgeneral Asko Kilpinen<br \/>Konteramiral Pertti Malmberg<\/p>\n<p>[\/et_pb_text][\/et_pb_column_inner][et_pb_column_inner type=&#8221;1_2&#8243; saved_specialty_column_type=&#8221;3_4&#8243; _builder_version=&#8221;3.25&#8243; custom_padding=&#8221;|||&#8221; global_colors_info=&#8221;{}&#8221; custom_padding__hover=&#8221;|||&#8221;][et_pb_divider show_divider=&#8221;off&#8221; disabled_on=&#8221;on|on|off&#8221; admin_label=&#8221;Divider&#8221; _builder_version=&#8221;3.23.4&#8243; height=&#8221;16px&#8221; global_colors_info=&#8221;{}&#8221;][\/et_pb_divider][et_pb_text admin_label=&#8221;Delegationens medlemmar&#8221; _builder_version=&#8221;4.14.4&#8243; hover_enabled=&#8221;0&#8243; use_border_color=&#8221;off&#8221; global_colors_info=&#8221;{}&#8221; sticky_enabled=&#8221;0&#8243;]<\/p>\n<p>F\u00f6rs\u00e4ljningsdirekt\u00f6r Mauri Mikkonen<br \/>Senior Vice President Kimmo M\u00e4kipeska<br \/>Kammarr\u00e5det Jaakko Puomila<br \/>F\u00f6rs\u00e4ljningschef Markku Rouhe<br \/>Ordf\u00f6rande Maritta Sariola<br \/>\u00d6verste Risto Sinkkonen<br \/>\u00d6veringenj\u00f6r Eero Sivunen<br \/>Verkst\u00e4llande direkt\u00f6r Juha V\u00e4yril\u00e4<\/p>\n<p>[\/et_pb_text][\/et_pb_column_inner][\/et_pb_row_inner][\/et_pb_column][et_pb_column type=&#8221;1_4&#8243; _builder_version=&#8221;3.25&#8243; custom_padding=&#8221;|||&#8221; global_colors_info=&#8221;{}&#8221; custom_padding__hover=&#8221;|||&#8221;][et_pb_divider show_divider=&#8221;off&#8221; disabled_on=&#8221;on|on|off&#8221; admin_label=&#8221;Divider&#8221; _builder_version=&#8221;3.23.4&#8243; height=&#8221;48px&#8221; global_colors_info=&#8221;{}&#8221;][\/et_pb_divider][et_pb_text admin_label=&#8221;Kontaktuppgifter&#8221; _builder_version=&#8221;4.14.4&#8243; background_size=&#8221;initial&#8221; background_position=&#8221;top_left&#8221; background_repeat=&#8221;repeat&#8221; use_border_color=&#8221;off&#8221; border_color=&#8221;#ffffff&#8221; border_style=&#8221;solid&#8221; global_colors_info=&#8221;{}&#8221;]<\/p>\n<h3>Kontaktuppgifter<\/h3>\n<p><strong>Ombudsman:<br \/><\/strong>Heikki-Ilari Hirvonen<br \/><b>E-post:<br \/><\/b><a href=\"&#109;&#x61;i&#x6c;&#x74;&#111;&#x3a;a&#115;&#x69;&#97;&#x6d;i&#101;&#x73;&#46;&#x72;t&#45;&#x73;a&#x61;&#x74;&#105;&#x6f;&#64;&#101;&#x6c;&#105;&#x73;a&#110;&#x65;&#116;&#x2e;f&#105;\">&#97;&#x73;&#105;&#x61;m&#x69;e&#115;&#x2e;&#114;&#x74;&#45;&#x73;a&#x61;t&#105;&#x6f;&#64;&#x65;l&#x69;s&#x61;&#x6e;&#101;&#x74;&#46;&#x66;i<\/a><\/p>\n<p>[\/et_pb_text][\/et_pb_column][\/et_pb_section]<\/p>\n","protected":false},"excerpt":{"rendered":"<p>Kustartilleristiftelsen Rannikkotykist\u00f6s\u00e4\u00e4ti\u00f6 \u2013 Kustartilleristiftelsens \u00e4ndam\u00e5l \u00e4r att v\u00e4rna om kustartilleriets traditioner samt att fr\u00e4mja utvecklingsarbetet bland kuststyrkorna. Stiftelsen f\u00f6rverkligar sitt \u00e4ndam\u00e5l genom att premiera och st\u00f6da ekonomiskt forsknings- och utvecklingsarbete samt studier. D\u00e4rtill st\u00f6der stiftelsen ekonomiskt publikations- skolnings- upplysnings- och underh\u00e5llningsarbete samt traditionsbevarande i samband med kuststyrkorna. Stiftelsen premierar \u00e5rligen studerande bev\u00e4ringar och stampersonal samt [&hellip;]<\/p>\n","protected":false},"author":1,"featured_media":0,"parent":1050,"menu_order":2,"comment_status":"open","ping_status":"closed","template":"","meta":{"_et_pb_use_builder":"on","_et_pb_old_content":"","_et_gb_content_width":"","_exactmetrics_skip_tracking":false,"_exactmetrics_sitenote_active":false,"_exactmetrics_sitenote_note":"","_exactmetrics_sitenote_category":0,"footnotes":""},"class_list":["post-1057","page","type-page","status-publish","hentry"],"_links":{"self":[{"href":"https:\/\/www.sininenreservi.fi\/sv\/wp-json\/wp\/v2\/pages\/1057","targetHints":{"allow":["GET"]}}],"collection":[{"href":"https:\/\/www.sininenreservi.fi\/sv\/wp-json\/wp\/v2\/pages"}],"about":[{"href":"https:\/\/www.sininenreservi.fi\/sv\/wp-json\/wp\/v2\/types\/page"}],"author":[{"embeddable":true,"href":"https:\/\/www.sininenreservi.fi\/sv\/wp-json\/wp\/v2\/users\/1"}],"replies":[{"embeddable":true,"href":"https:\/\/www.sininenreservi.fi\/sv\/wp-json\/wp\/v2\/comments?post=1057"}],"version-history":[{"count":17,"href":"https:\/\/www.sininenreservi.fi\/sv\/wp-json\/wp\/v2\/pages\/1057\/revisions"}],"predecessor-version":[{"id":2915,"href":"https:\/\/www.sininenreservi.fi\/sv\/wp-json\/wp\/v2\/pages\/1057\/revisions\/2915"}],"up":[{"embeddable":true,"href":"https:\/\/www.sininenreservi.fi\/sv\/wp-json\/wp\/v2\/pages\/1050"}],"wp:attachment":[{"href":"https:\/\/www.sininenreservi.fi\/sv\/wp-json\/wp\/v2\/media?parent=1057"}],"curies":[{"name":"wp","href":"https:\/\/api.w.org\/{rel}","templated":true}]}}